{"id":267,"date":"2023-09-13T10:43:47","date_gmt":"2023-09-13T09:43:47","guid":{"rendered":"https:\/\/iicrabat.esteri.it\/?page_id=267"},"modified":"2025-04-11T12:49:54","modified_gmt":"2025-04-11T11:49:54","slug":"rassegna-stampa","status":"publish","type":"page","link":"https:\/\/iicrabat.esteri.it\/it\/chi-siamo\/la-sede\/sala-stampa\/rassegna-stampa\/","title":{"rendered":"Rassegna stampa"},"content":{"rendered":"<h3><strong>2025<\/strong><\/h3>\n<p><strong>Rabat rend hommage \u00e0 Nicola Calipari: Projection du film &#8220;Il Nibbio&#8221; tourn\u00e9 entre l&#8217;Italie et le Maroc<\/strong><\/p>\n<p><a href=\"https:\/\/fr.hespress.com\/419154-rabat-rend-hommage-a-nicola-calipari-projection-du-film-il-nibbio-tourne-entre-litalie-et-le-maroc.html\">Rabat rend hommage \u00e0 Calipari : Projection du film &#8220;Il Nibbio&#8221; (hespress.com)<\/a><\/p>\n<p><b>&#8220;Dolce Vita \u00e0 Mogador&#8221;: Le cin\u00e9ma Italien \u00e0 l&#8217;honneur \u00e0 Essaouira<\/b><\/p>\n<p><strong><a href=\"https:\/\/lematin.ma\/culture\/dolce-vita-a-mogador-le-cinema-italien-a-lhonneur-a-essaouira\/271268\">\u00abDolce Vita \u00e0 Mogador\u00bb : Le cin\u00e9ma italien \u00e0 l\u2019honneur \u00e0 Essaouira &#8211; Le Matin.ma<\/a><\/strong><\/p>\n<p><b>La Dolce Vita a Mogador: Le Cin\u00e9ma Italien \u00e0 l&#8217;honneur \u00e0 Essaouira du 23 au 26 Avril 2025 &#8211; La Vie \u00e9co (lavieeco.com)<\/b><\/p>\n<p><a href=\"https:\/\/www.lavieeco.com\/comese\/la-dolce-vita-a-mogador-le-cinema-italien-a-lhonneur-a-essaouira-du-23-au-26-avril-2025\/\">La Dolce Vita \u00e0 Mogador : Le Cin\u00e9ma Italien \u00e0 l\u2019honneur \u00e0 Essaouira du 23 au 26 Avril 2025 &#8211; La Vie \u00e9co (lavieeco.com)<\/a><\/p>\n<p><b>Le cin\u00e9ma italien \u00e0 l&#8217;honneur \u00e0 Essaouira du 23 au 26 avril (hespress)<\/b><\/p>\n<p><a href=\"https:\/\/fr.hespress.com\/418324-la-dolce-vita-a-mogador-le-cinema-italien-a-lhonneur-a-essaouira-du-23-au-26-avril.html\">Le cin\u00e9ma italien \u00e0 l\u2019honneur \u00e0 Essaouira du 23 au 26 avril (hespress.com)<\/a><\/p>\n<p><strong>Festival &#8220;La Dolce Musica s&#8217;invite au Maroc&#8221;<\/strong><\/p>\n<p><a href=\"https:\/\/www.lavieeco.com\/influences\/culture\/festival-la-dolce-musica-sinvite-au-maroc\/\">Festival : La Dolce Musica s&#8217;invite au Maroc &#8211; La Vie \u00e9co (lavieeco.com)<\/a><\/p>\n<p>&nbsp;<\/p>\n<p>&nbsp;<\/p>\n<h3><strong>2024<\/strong><\/h3>\n<p><b>A F\u00e8s et Ifrane, la musique Italienne mise \u00e0 l&#8217;honneur<\/b><\/p>\n<p><a href=\"https:\/\/telquel.ma\/sponsors\/a-fes-et-ifrane-la-musique-italienne-mise-a-lhonneur_1857296\">A F\u00e8s et Ifrane, la musique italienne mise a\u0300 l\u2019honneur \u2013 Telquel.ma<\/a><\/p>\n<p><b>Rabat: C\u00e9l\u00e9bration de la langue et de la culture italiennes<\/b><\/p>\n<p><a href=\"https:\/\/fr.hespress.com\/390936-rabat-celebration-de-la-langue-et-de-la-culture-italiennes-2.html\">Rabat: C\u00e9l\u00e9bration de la langue et de la culture italiennes (hespress.com)<\/a><\/p>\n<p><b> Rabat: Lancement de la 24\u00e8me Semaine de la Langue Italienne dans le monde (MAP)<\/b><\/p>\n<p><a href=\"https:\/\/www.mapexpress.ma\/actualite\/culture-et-medias\/rabat-lancement-24eme-semaine-langue-italienne-monde\/\">Rabat: Lancement de la 24\u00e8me Semaine de la langue italienne dans le monde | MAP Express MAP Express<\/a><\/p>\n<p><b>Lancement \u00e0 Rabat de la 24e Semaine de la langue Italienne dans le monde &#8211; Le Matin<\/b><\/p>\n<p><a href=\"https:\/\/lematin.ma\/culture\/lancement-a-rabat-de-la-24e-semaine-de-la-langue-italienne-dans-le-monde\/247187\">Lancement \u00e0 Rabat de la 24e Semaine de la langue italienne dans le monde &#8211; Le Matin.ma<\/a><\/p>\n<p><strong>La 3\u00e8me \u00e9dition du Medfilm Festival s&#8217;invite \u00e0 Tanger<\/strong><\/p>\n<p><a href=\"https:\/\/www.youtube.com\/watch?v=JsjDqeEgCtA\">La 3\u00e8me \u00e9dition du MEDFILM Festival s&#8217;invite \u00e0 Tanger &#8211; YouTube<\/a><\/p>\n<p><b>Cin\u00e9ma: la 3\u00e8me \u00e9dition du Medfilm Festival au maroc s&#8217;invite \u00e0 Tanger<\/b><\/p>\n<p><a href=\"https:\/\/www.youtube.com\/watch?v=-IMkO9Dtpj4\">Cin\u00e9ma: la 3\u00e8me \u00e9dition du Medfilm Festival au maroc s&#8217;invite \u00e0 Tanger<\/a><\/p>\n<p><b>L&#8217;Ambassade d&#8217;Italie et l&#8217;Institut Culturel Italien de Rabat participent \u00e0 la 29e \u00e9dition du SIEL (MAP)<\/b><\/p>\n<p><a href=\"https:\/\/www.mapexpress.ma\/actualite\/culture-et-medias\/lambassade-ditalie-linstitut-culturel-italien-rabat-participent-29e-edition-du-siel\/\">L&#8217;Ambassade d&#8217;Italie et l&#8217;Institut Culturel Italien de Rabat participent \u00e0 la 29e \u00e9dition du SIEL | MAP Express MAP Express<\/a><\/p>\n<p><strong>Rabat: la 3e \u00e9dition du MedFilm Festival r\u00e9compense les courts-m\u00e9trages de l&#8217;ISMAC (TELQUEL.MA)<\/strong><\/p>\n<p class=\"post-title\"><a href=\"https:\/\/telquel.ma\/2024\/10\/09\/rabat-3eme-edition-du-medfilm-festival-au-maroc-remise-des-prix-des-courts-metrages-de-lismac_1897908\">Rabat : la 3e \u00e9dition du MedFilm Festival r\u00e9compense les courts-m\u00e9trages de l\u2019ISMAC \u2013 Telquel.ma<\/a><\/p>\n<p><b>Du 17 au 22 novembre, la Semaine de la Cuisine Italienne c\u00e9l\u00e8bre l&#8217;h\u00e9ritage culinaire m\u00e9diterran\u00e9en (TELQUEL.MA)<\/b><\/p>\n<p><a href=\"https:\/\/telquel.ma\/2024\/11\/22\/du-17-au-22-novembre-la-semaine-de-la-cuisine-italienne-celebre-lheritage-culinaire-mediterraneen_1905331\">Du 17 au 22 novembre, la Semaine de la Cuisine Italienne ce\u0301le\u0300bre l\u2019he\u0301ritage culinaire me\u0301diterrane\u0301en \u2013 Telquel.ma<\/a><\/p>\n<h1 class=\"title-article\"><\/h1>\n<h3>Rassegna Stampa 2023<\/h3>\n<p><strong>&#8220;La magie de la langue Italienne: un vecteur de culture et de durabilit\u00e9&#8221;<\/strong><\/p>\n<p><a href=\"https:\/\/fr.hespress.com\/335914-la-magie-de-la-langue-italienne-un-vecteur-de-culture-et-de-durabilite.html\">&#8220;La magie de la langue italienne&#8221;: un vecteur de culture et de durabilit\u00e9 (hespress.com)<\/a><\/p>\n<p><b>MedFilm Festival: des films internationaux \u00e0 Rabat et Marrakech en juin<\/b><\/p>\n<p><a href=\"https:\/\/lematin.ma\/express\/2023\/medfilm-festival-films-internationaux-rabat-marrakech\/390595.html\">MedFilm Festival : des films internationaux \u00e0 Rabat et Marrakech en juin &#8211; Le Matin.ma<\/a><\/p>\n<p><b>Projet SON ITALIEN 2023 pour la premi\u00e8re fois au Maroc<\/b><\/p>\n<p><a href=\"https:\/\/telquel.ma\/2023\/12\/13\/projet-son-italien-2023-pour-la-premiere-fois-au-maroc_1845884\">Projet SON ITALIEN 2023 pour la premi\u00e8re fois au Maroc \u2013 Telquel.ma<\/a><\/p>\n<p><strong>L&#8217;Orchestre de Chambre Academie de Santa Sofia enchante le public de F\u00e8s<\/strong><\/p>\n<p><strong><a href=\"https:\/\/telquel.ma\/2023\/12\/16\/lorchestre-de-chambre-academie-de-santa-sofia-enchante-le-public-de-fes_1846911\">L&#8217;Orchestre de Chambre Acad\u00e9mie de Santa Sofia enchante le public de F\u00e8s &#8211; (Telquel.ma)<\/a><\/strong><\/p>\n<p><strong>Diva!, la preemi\u00e8re exposition de joaillerie Italienne au Maroc<\/strong><\/p>\n<p><strong><a href=\"https:\/\/fr.hespress.com\/315351-diva-la-premiere-exposition-de-joaillerie-italienne-au-maroc.html\">Diva! , la premi\u00e8re exposition de joaillerie Italienne au Maroc<\/a><\/strong><\/p>\n<p><strong>Diva!, la premi\u00e8re exposition de joaillerie Italie Exposition &#8211; &#8220;DIVA!&#8221;, une exposition d\u00e9di\u00e9e \u00e0 la joaillerie de mode Italienne, fait escale du 24 mai au 23 juillet \u00e0 Rabat<\/strong><\/p>\n<p><a href=\"https:\/\/article19.ma\/accueil\/archives\/168083\">Diva! , la premi\u00e8re exposition de joaillerie Italie Exposition &#8211; &#8220;DIVA !&#8221;, une exposition d\u00e9di\u00e9e \u00e0 la joaillerie de mode Italienne, fait escale du 24 mai au 23 juillet \u00e0 Rabat<\/a><\/p>\n<p><strong>MedFilm Festival: un voyage cin\u00e9matographique sur les rives de la M\u00e9diterran\u00e9e &#8211; (Telquel.ma)<\/strong><\/p>\n<p><a href=\"https:\/\/telquel.ma\/2023\/06\/02\/medfilm-festival-un-voyage-cinematographique-sur-les-rives-de-la-mediterranee_1815372\">MedFilm Festival : un voyage cine\u0301matographique sur les rives de la Me\u0301diterrane\u0301e \u2013 Telquel.ma<\/a><\/p>\n<p><strong>MedFilm Festival: des films internationaux \u00e0 Rabat et Marrakech (lematin.ma)<\/strong><\/p>\n<p><a href=\"https:\/\/lematin.ma\/express\/2023\/medfilm-festival-films-internationaux-rabat-marrakech\/390595.html\">MedFilm Festival: des films internationaux \u00e0 Rabat et Marrakech (lematin.ma)<\/a><\/p>\n","protected":false},"excerpt":{"rendered":"2025 Rabat rend hommage \u00e0 Nicola Calipari: Projection du film &#8220;Il Nibbio&#8221; tourn\u00e9 entre l&#8217;Italie et le Maroc Rabat rend hommage \u00e0 Calipari : Projection du film &#8220;Il Nibbio&#8221; (hespress.com) &#8220;Dolce Vita \u00e0 Mogador&#8221;: Le cin\u00e9ma Italien \u00e0 l&#8217;honneur \u00e0 Essaouira \u00abDolce Vita \u00e0 Mogador\u00bb : Le cin\u00e9ma italien \u00e0 l\u2019honneur \u00e0 Essaouira &#8211; Le [&hellip;]","protected":false},"author":5,"featured_media":0,"parent":265,"menu_order":0,"comment_status":"closed","ping_status":"closed","template":"","meta":{"footnotes":""},"class_list":["post-267","page","type-page","status-publish","hentry"],"_links":{"self":[{"href":"https:\/\/iicrabat.esteri.it\/it\/wp-json\/wp\/v2\/pages\/267","targetHints":{"allow":["GET"]}}],"collection":[{"href":"https:\/\/iicrabat.esteri.it\/it\/wp-json\/wp\/v2\/pages"}],"about":[{"href":"https:\/\/iicrabat.esteri.it\/it\/wp-json\/wp\/v2\/types\/page"}],"author":[{"embeddable":true,"href":"https:\/\/iicrabat.esteri.it\/it\/wp-json\/wp\/v2\/users\/5"}],"replies":[{"embeddable":true,"href":"https:\/\/iicrabat.esteri.it\/it\/wp-json\/wp\/v2\/comments?post=267"}],"version-history":[{"count":6,"href":"https:\/\/iicrabat.esteri.it\/it\/wp-json\/wp\/v2\/pages\/267\/revisions"}],"predecessor-version":[{"id":4950,"href":"https:\/\/iicrabat.esteri.it\/it\/wp-json\/wp\/v2\/pages\/267\/revisions\/4950"}],"up":[{"embeddable":true,"href":"https:\/\/iicrabat.esteri.it\/it\/wp-json\/wp\/v2\/pages\/265"}],"wp:attachment":[{"href":"https:\/\/iicrabat.esteri.it\/it\/wp-json\/wp\/v2\/media?parent=267"}],"curies":[{"name":"wp","href":"https:\/\/api.w.org\/{rel}","templated":true}]}}