{"id":18,"date":"2023-04-03T20:31:58","date_gmt":"2023-04-03T18:31:58","guid":{"rendered":"https:\/\/istitutobuenosaires.esteri.it\/?page_id=18"},"modified":"2023-06-09T11:28:15","modified_gmt":"2023-06-09T10:28:15","slug":"news","status":"publish","type":"page","link":"https:\/\/iicrabat.esteri.it\/it\/news\/","title":{"rendered":"Notizie"},"content":{"rendered":"        <div class=\"row\">\n\t\t\t<!-- Ricerca sedi post -->\n\t\t\t<div class=\"col-12 mt-4\">\n\t\t\t  <div class=\"callout callout-highlight note ricerca-esteri p-4\">\n                    <div class=\"callout-title\">\n                        <svg class=\"icon\">\n                            <use xlink:href=\"https:\/\/iicrabat.esteri.it\/wp-content\/themes\/sedi-tema\/assets\/svg\/sprites.svg#it-search\"><\/use>\n                        <\/svg>Inserisci i parametri di ricerca                    <\/div>\n                    <form id=\"searchFormPost\" name=\"form-search-post\" class=\"form-row align-items-center\" action=\"https:\/\/iicrabat.esteri.it\/it\/wp-json\/wp\/v2\/pages\/18\/\" method=\"GET\"> \n                        <!-- <div class=\"form-group pt-5\"> -->\n                            <!-- <input type=\"hidden\" id=\"lang\" name=\"lang\" value=\"\"> --> <!-- <\/div> -->\n\n                        <div class=\"it-datepicker-wrapper\">\n                            <div class=\"row\">\n                                <div class=\"form-group col-md-6\">\n                                    <label class=\"active\" for=\"date-init\">Dal<\/label>\n                                    <input class=\"form-control\" name=\"date-init\" id=\"date-init\" type=\"date\" placeholder=\"gg\/mm\/aaaa\" value=\"\"lang=\"en-EN\">  \n                                <\/div>\n                                <div class=\"form-group col-md-6\">\n                                    <label class=\"active\" for=\"date-end\">Al<\/label>\n                                    <input class=\"form-control\" name=\"date-end\" id=\"date-end\" type=\"date\" placeholder=\"gg\/mm\/aaaa\" value=\"\">\n                                <\/div>\n                            <\/div>\n                        <\/div>\n                        <div class=\"form-group col-md-12 mt-3\">\n                            <label for=\"searchText\">Campo ricerca libera<\/label>\n                            <input type=\"text\" name=\"searchText\" class=\"form-control\" id=\"searchText\" value=\"\">\n                        <\/div>\n                        <div class=\"form-group col-md-4 offset-md-8 text-end\">\n                            <a href=\"https:\/\/iicrabat.esteri.it\/it\/news\/\" title=\"Form reset\" id=\"resetImput\" class=\"btn btn-outline-primary btn-xs\">Reset<\/a>\n                            <button type=\"submit\" class=\"btn btn-primary btn-xs\">Mostra risultati<\/button>\n                        <\/div>\n                    <\/form>\n\t\t\t\t<\/div>\n\t\t\t<\/div>\n\t\t<\/div>\n                    \n            <div class=\"row\">\n                            <div class=\"col-12 mt-3\">\n                <!--start card-->\n                <div class=\"card-wrapper card-space\">\n                    <div class=\"card card-bg card-big border-bottom-card\">\n                        <div class=\"card-body \">\n                                                        <div class=\"category-top\">\n                                                                                                            <span class=\"\">\n                                        <svg class=\"icon icon-secondary\">\n                                            <use xlink:href=\"https:\/\/iicrabat.esteri.it\/wp-content\/themes\/sedi-tema\/assets\/svg\/sprites.svg#it-calendar\"><\/use>\n                                        <\/svg> 2 Settembre 2026                                    <\/span>\n                                                                    <\/div>\n                            <h5 class=\"card-title big-heading text-uppercase\"><a class=\"text-body text-decoration-none\" href=\"https:\/\/iicrabat.esteri.it\/it\/news\/dall_istituto\/2026\/09\/corsi-di-lingua-2026-2027\/\" title=\"Corsi di lingua 2026\/2027\">Corsi di lingua 2026\/2027<\/a><\/h5>\n                            <p class=\"card-text\">L\u2019Istituto Italiano di Cultura di Rabat propone una grande e varia scelta di Corsi di Lingua e Cultura Italiana, laboratori ed attivit\u00e0. I Corsi di Lingua e Cultura Italiana proposti sono ripartiti in sei livelli secondo il\u00a0Quadro comune europeo di riferimento per la conoscenza delle lingue (QCER) del Consiglio d\u2019Europa\u00a0e sono tenuti in italiano da [&hellip;]<\/p>\n                                <a title=\"Corsi di lingua 2026\/2027\" class=\"read-more\" href=\"https:\/\/iicrabat.esteri.it\/it\/news\/dall_istituto\/2026\/09\/corsi-di-lingua-2026-2027\/\">\n                                    <span class=\"text\">Leggi di pi\u00f9<\/span>\n                                    <svg class=\"icon\">\n                                    <use xlink:href=\"https:\/\/iicrabat.esteri.it\/wp-content\/themes\/sedi-tema\/assets\/svg\/sprites.svg#it-arrow-right\"><\/use>\n                                    <\/svg>\n                                <\/a>\n                                                    <\/div>\n                    <\/div>\n                <\/div>\n                <!--end card-->\n                <\/div><!-- col-12 .mt-3-->\n                            <div class=\"col-12 mt-3\">\n                <!--start card-->\n                <div class=\"card-wrapper card-space\">\n                    <div class=\"card card-bg card-big border-bottom-card\">\n                        <div class=\"card-body \">\n                                                        <div class=\"category-top\">\n                                                                                                            <span class=\"\">\n                                        <svg class=\"icon icon-secondary\">\n                                            <use xlink:href=\"https:\/\/iicrabat.esteri.it\/wp-content\/themes\/sedi-tema\/assets\/svg\/sprites.svg#it-calendar\"><\/use>\n                                        <\/svg> 7 Agosto 2026                                    <\/span>\n                                                                    <\/div>\n                            <h5 class=\"card-title big-heading text-uppercase\"><a class=\"text-body text-decoration-none\" href=\"https:\/\/iicrabat.esteri.it\/it\/news\/dall_istituto\/2026\/08\/premio-natura-naturans-naturata-i-vincitori\/\" title=\"Premio Natura Naturans\/Naturata: i vincitori\">Premio Natura Naturans\/Naturata: i vincitori<\/a><\/h5>\n                            <p class=\"card-text\">I VINCITORI\u00a0 Si rendono noti in data 07 agosto 2026 i nominativi dei vincitori della terza edizione del Premio Natura Naturans \/ Naturata, che hanno l\u2019occasione di soggiornare per due mesi a T\u00e9touan in Marocco e a Tivoli (Roma) per svolgere un periodo di ricerca sui temi della natura, del paesaggio, dell\u2019ambiente, dei giardini e [&hellip;]<\/p>\n                                <a title=\"Premio Natura Naturans\/Naturata: i vincitori\" class=\"read-more\" href=\"https:\/\/iicrabat.esteri.it\/it\/news\/dall_istituto\/2026\/08\/premio-natura-naturans-naturata-i-vincitori\/\">\n                                    <span class=\"text\">Leggi di pi\u00f9<\/span>\n                                    <svg class=\"icon\">\n                                    <use xlink:href=\"https:\/\/iicrabat.esteri.it\/wp-content\/themes\/sedi-tema\/assets\/svg\/sprites.svg#it-arrow-right\"><\/use>\n                                    <\/svg>\n                                <\/a>\n                                                    <\/div>\n                    <\/div>\n                <\/div>\n                <!--end card-->\n                <\/div><!-- col-12 .mt-3-->\n                            <div class=\"col-12 mt-3\">\n                <!--start card-->\n                <div class=\"card-wrapper card-space\">\n                    <div class=\"card card-bg card-big border-bottom-card\">\n                        <div class=\"card-body \">\n                                                        <div class=\"category-top\">\n                                                                                                            <span class=\"\">\n                                        <svg class=\"icon icon-secondary\">\n                                            <use xlink:href=\"https:\/\/iicrabat.esteri.it\/wp-content\/themes\/sedi-tema\/assets\/svg\/sprites.svg#it-calendar\"><\/use>\n                                        <\/svg> 14 Luglio 2026                                    <\/span>\n                                                                    <\/div>\n                            <h5 class=\"card-title big-heading text-uppercase\"><a class=\"text-body text-decoration-none\" href=\"https:\/\/iicrabat.esteri.it\/it\/news\/dall_istituto\/2026\/07\/matera-capitale-mediterranea-della-cultura-e-del-dialogo-2026-aperto-il-secondo-bando-del-programma-di-residenze-artistiche-terre-immerse-comunita-creative-euromediterranee\/\" title=\"Matera Capitale Mediterranea della Cultura e del Dialogo 2026: aperto il secondo bando del programma di residenze artistiche &#8220;Terre Immerse \u2013 Comunit\u00e0 Creative Euromediterranee&#8221;\">Matera Capitale Mediterranea della Cultura e del Dialogo 2026: aperto il secondo bando del programma di residenze artistiche &#8220;Terre Immerse \u2013 Comunit\u00e0 Creative Euromediterranee&#8221;<\/a><\/h5>\n                            <p class=\"card-text\">Nell&#8217;ambito di Matera Capitale Mediterranea della Cultura e del Dialogo 2026, la Fondazione Matera Basilicata 2019 ha pubblicato il secondo bando (Call 2) del programma internazionale di residenze artistiche &#8220;Terre Immerse \u2013 Comunit\u00e0 Creative Euromediterranee&#8221;, un&#8217;iniziativa dedicata ad artisti e creativi provenienti dai Paesi dell&#8217;area euromediterranea. Il programma mette a disposizione dieci residenze artistiche, realizzate [&hellip;]<\/p>\n                                <a title=\"Matera Capitale Mediterranea della Cultura e del Dialogo 2026: aperto il secondo bando del programma di residenze artistiche &#8220;Terre Immerse \u2013 Comunit\u00e0 Creative Euromediterranee&#8221;\" class=\"read-more\" href=\"https:\/\/iicrabat.esteri.it\/it\/news\/dall_istituto\/2026\/07\/matera-capitale-mediterranea-della-cultura-e-del-dialogo-2026-aperto-il-secondo-bando-del-programma-di-residenze-artistiche-terre-immerse-comunita-creative-euromediterranee\/\">\n                                    <span class=\"text\">Leggi di pi\u00f9<\/span>\n                                    <svg class=\"icon\">\n                                    <use xlink:href=\"https:\/\/iicrabat.esteri.it\/wp-content\/themes\/sedi-tema\/assets\/svg\/sprites.svg#it-arrow-right\"><\/use>\n                                    <\/svg>\n                                <\/a>\n                                                    <\/div>\n                    <\/div>\n                <\/div>\n                <!--end card-->\n                <\/div><!-- col-12 .mt-3-->\n                            <div class=\"col-12 mt-3\">\n                <!--start card-->\n                <div class=\"card-wrapper card-space\">\n                    <div class=\"card card-bg card-big border-bottom-card\">\n                        <div class=\"card-body \">\n                                                        <div class=\"category-top\">\n                                                                                                            <span class=\"\">\n                                        <svg class=\"icon icon-secondary\">\n                                            <use xlink:href=\"https:\/\/iicrabat.esteri.it\/wp-content\/themes\/sedi-tema\/assets\/svg\/sprites.svg#it-calendar\"><\/use>\n                                        <\/svg> 2 Luglio 2026                                    <\/span>\n                                                                    <\/div>\n                            <h5 class=\"card-title big-heading text-uppercase\"><a class=\"text-body text-decoration-none\" href=\"https:\/\/iicrabat.esteri.it\/it\/news\/dall_istituto\/2026\/07\/borse-di-studio-per-il-corso-di-laurea-in-lingua-e-cultura-italiana-offerte-da-icon-italian-culture-on-the-net\/\" title=\"Borse di Studio per il Corso di laurea in Lingua e Cultura italiana offerte da \u201cICoN \u2013 Italian Culture on the Net\u201d\">Borse di Studio per il Corso di laurea in Lingua e Cultura italiana offerte da \u201cICoN \u2013 Italian Culture on the Net\u201d<\/a><\/h5>\n                            <p class=\"card-text\">ICoN &#8211; Italian Culture on the Net \u00e8 un consorzio di 12 Universit\u00e0 italiane (Alma Mater Studiorum Universit\u00e0 di Bologna, Universit\u00e0 degli Studi di Catania, Universit\u00e0 degli Studi di Genova, Universit\u00e0 degli Studi di Milano, Universit\u00e0 degli Studi di Padova, Universit\u00e0 di Parma, Universit\u00e0 di Pisa, Universit\u00e0 degli Studi di Roma Tor Vergata, Universit\u00e0 degli [&hellip;]<\/p>\n                                <a title=\"Borse di Studio per il Corso di laurea in Lingua e Cultura italiana offerte da \u201cICoN \u2013 Italian Culture on the Net\u201d\" class=\"read-more\" href=\"https:\/\/iicrabat.esteri.it\/it\/news\/dall_istituto\/2026\/07\/borse-di-studio-per-il-corso-di-laurea-in-lingua-e-cultura-italiana-offerte-da-icon-italian-culture-on-the-net\/\">\n                                    <span class=\"text\">Leggi di pi\u00f9<\/span>\n                                    <svg class=\"icon\">\n                                    <use xlink:href=\"https:\/\/iicrabat.esteri.it\/wp-content\/themes\/sedi-tema\/assets\/svg\/sprites.svg#it-arrow-right\"><\/use>\n                                    <\/svg>\n                                <\/a>\n                                                    <\/div>\n                    <\/div>\n                <\/div>\n                <!--end card-->\n                <\/div><!-- col-12 .mt-3-->\n                            <div class=\"col-12 mt-3\">\n                <!--start card-->\n                <div class=\"card-wrapper card-space\">\n                    <div class=\"card card-bg card-big border-bottom-card\">\n                        <div class=\"card-body \">\n                                                        <div class=\"category-top\">\n                                                                                                            <span class=\"\">\n                                        <svg class=\"icon icon-secondary\">\n                                            <use xlink:href=\"https:\/\/iicrabat.esteri.it\/wp-content\/themes\/sedi-tema\/assets\/svg\/sprites.svg#it-calendar\"><\/use>\n                                        <\/svg> 15 Giugno 2026                                    <\/span>\n                                                                    <\/div>\n                            <h5 class=\"card-title big-heading text-uppercase\"><a class=\"text-body text-decoration-none\" href=\"https:\/\/iicrabat.esteri.it\/it\/news\/dall_istituto\/2026\/06\/borse-di-studio-per-laccademia-darti-e-mestieri-dello-spettacolo-teatro-alla-scala\/\" title=\"Borse di studio per l\u2019Accademia d\u2019Arti e Mestieri dello Spettacolo Teatro alla Scala\">Borse di studio per l\u2019Accademia d\u2019Arti e Mestieri dello Spettacolo Teatro alla Scala<\/a><\/h5>\n                            <p class=\"card-text\">Sono aperte le selezioni per il Global Master in Performing Arts Management, il percorso annuale promosso dall\u2019Accademia d\u2019Arti e Mestieri dello Spettacolo Teatro alla Scala in collaborazione con il Politecnico di Milano, dedicato alla formazione di professionisti della gestione e dell\u2019organizzazione dello spettacolo da l vivo. Le candidature saranno aperte fino al 30 settembre 2026 [&hellip;]<\/p>\n                                <a title=\"Borse di studio per l\u2019Accademia d\u2019Arti e Mestieri dello Spettacolo Teatro alla Scala\" class=\"read-more\" href=\"https:\/\/iicrabat.esteri.it\/it\/news\/dall_istituto\/2026\/06\/borse-di-studio-per-laccademia-darti-e-mestieri-dello-spettacolo-teatro-alla-scala\/\">\n                                    <span class=\"text\">Leggi di pi\u00f9<\/span>\n                                    <svg class=\"icon\">\n                                    <use xlink:href=\"https:\/\/iicrabat.esteri.it\/wp-content\/themes\/sedi-tema\/assets\/svg\/sprites.svg#it-arrow-right\"><\/use>\n                                    <\/svg>\n                                <\/a>\n                                                    <\/div>\n                    <\/div>\n                <\/div>\n                <!--end card-->\n                <\/div><!-- col-12 .mt-3-->\n                            <div class=\"col-12 mt-3\">\n                <!--start card-->\n                <div class=\"card-wrapper card-space\">\n                    <div class=\"card card-bg card-big border-bottom-card\">\n                        <div class=\"card-body \">\n                                                        <div class=\"category-top\">\n                                                                                                            <span class=\"\">\n                                        <svg class=\"icon icon-secondary\">\n                                            <use xlink:href=\"https:\/\/iicrabat.esteri.it\/wp-content\/themes\/sedi-tema\/assets\/svg\/sprites.svg#it-calendar\"><\/use>\n                                        <\/svg> 4 Giugno 2026                                    <\/span>\n                                                                    <\/div>\n                            <h5 class=\"card-title big-heading text-uppercase\"><a class=\"text-body text-decoration-none\" href=\"https:\/\/iicrabat.esteri.it\/it\/news\/dall_istituto\/2026\/06\/borse-di-studio-offerte-dalla-domus-academy-di-milano\/\" title=\"Borse di Studio offerte dalla Domus Academy di Milano\">Borse di Studio offerte dalla Domus Academy di Milano<\/a><\/h5>\n                            <p class=\"card-text\">Si informa che la Domus Academy di Milano ha pubblicato un bando per l\u2019assegnazione di borse di studio destinate ai Master e ai Bienni Specialistici a partire dall\u2019autunno 2026. Le borse di studio riguardano le tre macroaree Design, Fashion e Business e prevedono una selezione basata sulla valutazione del portfolio o sulla presentazione di un [&hellip;]<\/p>\n                                <a title=\"Borse di Studio offerte dalla Domus Academy di Milano\" class=\"read-more\" href=\"https:\/\/iicrabat.esteri.it\/it\/news\/dall_istituto\/2026\/06\/borse-di-studio-offerte-dalla-domus-academy-di-milano\/\">\n                                    <span class=\"text\">Leggi di pi\u00f9<\/span>\n                                    <svg class=\"icon\">\n                                    <use xlink:href=\"https:\/\/iicrabat.esteri.it\/wp-content\/themes\/sedi-tema\/assets\/svg\/sprites.svg#it-arrow-right\"><\/use>\n                                    <\/svg>\n                                <\/a>\n                                                    <\/div>\n                    <\/div>\n                <\/div>\n                <!--end card-->\n                <\/div><!-- col-12 .mt-3-->\n                            <div class=\"col-12 mt-3\">\n                <!--start card-->\n                <div class=\"card-wrapper card-space\">\n                    <div class=\"card card-bg card-big border-bottom-card\">\n                        <div class=\"card-body \">\n                                                        <div class=\"category-top\">\n                                                                                                            <span class=\"\">\n                                        <svg class=\"icon icon-secondary\">\n                                            <use xlink:href=\"https:\/\/iicrabat.esteri.it\/wp-content\/themes\/sedi-tema\/assets\/svg\/sprites.svg#it-calendar\"><\/use>\n                                        <\/svg> 30 Aprile 2026                                    <\/span>\n                                                                    <\/div>\n                            <h5 class=\"card-title big-heading text-uppercase\"><a class=\"text-body text-decoration-none\" href=\"https:\/\/iicrabat.esteri.it\/it\/news\/dall_istituto\/2026\/04\/litalia-al-siel-di-rabat-nellanno-di-rabat-capitale-mondiale-del-libro-2026\/\" title=\"L\u2019Italia al SIEL di Rabat nell\u2019anno di Rabat Capitale Mondiale del Libro 2026\">L\u2019Italia al SIEL di Rabat nell\u2019anno di Rabat Capitale Mondiale del Libro 2026<\/a><\/h5>\n                            <p class=\"card-text\">L\u2019Ambasciata d\u2019Italia in Marocco e l\u2019Istituto Italiano di Cultura di Rabat annunciano la partecipazione italiana al Salon International de l\u2019\u00c9dition et du Livre, in programma a Rabat dal 1\u00b0 al 9 maggio, in un anno di particolare rilievo per la capitale marocchina, designata Capitale Mondiale del Libro 2026 dall\u2019UNESCO. In questo contesto, la presenza italiana [&hellip;]<\/p>\n                                <a title=\"L\u2019Italia al SIEL di Rabat nell\u2019anno di Rabat Capitale Mondiale del Libro 2026\" class=\"read-more\" href=\"https:\/\/iicrabat.esteri.it\/it\/news\/dall_istituto\/2026\/04\/litalia-al-siel-di-rabat-nellanno-di-rabat-capitale-mondiale-del-libro-2026\/\">\n                                    <span class=\"text\">Leggi di pi\u00f9<\/span>\n                                    <svg class=\"icon\">\n                                    <use xlink:href=\"https:\/\/iicrabat.esteri.it\/wp-content\/themes\/sedi-tema\/assets\/svg\/sprites.svg#it-arrow-right\"><\/use>\n                                    <\/svg>\n                                <\/a>\n                                                    <\/div>\n                    <\/div>\n                <\/div>\n                <!--end card-->\n                <\/div><!-- col-12 .mt-3-->\n                            <div class=\"col-12 mt-3\">\n                <!--start card-->\n                <div class=\"card-wrapper card-space\">\n                    <div class=\"card card-bg card-big border-bottom-card\">\n                        <div class=\"card-body \">\n                                                        <div class=\"category-top\">\n                                                                                                            <span class=\"\">\n                                        <svg class=\"icon icon-secondary\">\n                                            <use xlink:href=\"https:\/\/iicrabat.esteri.it\/wp-content\/themes\/sedi-tema\/assets\/svg\/sprites.svg#it-calendar\"><\/use>\n                                        <\/svg> 9 Aprile 2026                                    <\/span>\n                                                                    <\/div>\n                            <h5 class=\"card-title big-heading text-uppercase\"><a class=\"text-body text-decoration-none\" href=\"https:\/\/iicrabat.esteri.it\/it\/news\/dall_istituto\/2026\/04\/premio-natura-naturans-naturata-terza-edizione-pubblicazione-bando-2026\/\" title=\"PREMIO NATURA NATURANS\/NATURATA \u2013 TERZA EDIZIONE \u2013 Pubblicazione Bando 2026\">PREMIO NATURA NATURANS\/NATURATA \u2013 TERZA EDIZIONE \u2013 Pubblicazione Bando 2026<\/a><\/h5>\n                            <p class=\"card-text\">\u00c8 online il bando della terza edizione del Premio Natura Naturans\/Naturata, programma di residenza internazionale dedicato ai temi della natura e del paesaggio, promosso dalla Direzione Generale Creativit\u00e0 Contemporanea, dall\u2019Istituto autonomo Villa Adriana e Villa d\u2019Este e dall\u2019Istituto Italiano di Cultura di Rabat (Marocco). Scadenza: 29 maggio 2026 ore 12.00 &#8211; Proroga per la presentazione [&hellip;]<\/p>\n                                <a title=\"PREMIO NATURA NATURANS\/NATURATA \u2013 TERZA EDIZIONE \u2013 Pubblicazione Bando 2026\" class=\"read-more\" href=\"https:\/\/iicrabat.esteri.it\/it\/news\/dall_istituto\/2026\/04\/premio-natura-naturans-naturata-terza-edizione-pubblicazione-bando-2026\/\">\n                                    <span class=\"text\">Leggi di pi\u00f9<\/span>\n                                    <svg class=\"icon\">\n                                    <use xlink:href=\"https:\/\/iicrabat.esteri.it\/wp-content\/themes\/sedi-tema\/assets\/svg\/sprites.svg#it-arrow-right\"><\/use>\n                                    <\/svg>\n                                <\/a>\n                                                    <\/div>\n                    <\/div>\n                <\/div>\n                <!--end card-->\n                <\/div><!-- col-12 .mt-3-->\n                            <div class=\"col-12 mt-3\">\n                <!--start card-->\n                <div class=\"card-wrapper card-space\">\n                    <div class=\"card card-bg card-big border-bottom-card\">\n                        <div class=\"card-body \">\n                                                        <div class=\"category-top\">\n                                                                                                            <span class=\"\">\n                                        <svg class=\"icon icon-secondary\">\n                                            <use xlink:href=\"https:\/\/iicrabat.esteri.it\/wp-content\/themes\/sedi-tema\/assets\/svg\/sprites.svg#it-calendar\"><\/use>\n                                        <\/svg> 31 Marzo 2026                                    <\/span>\n                                                                    <\/div>\n                            <h5 class=\"card-title big-heading text-uppercase\"><a class=\"text-body text-decoration-none\" href=\"https:\/\/iicrabat.esteri.it\/it\/news\/dall_istituto\/2026\/03\/borse-di-studio-universita-g-dannunzio-di-chieti-pescara\/\" title=\"Borse di studio Universit\u00e0 \u201cG. d\u2019Annunzio\u201d di Chieti-Pescara\">Borse di studio Universit\u00e0 \u201cG. d\u2019Annunzio\u201d di Chieti-Pescara<\/a><\/h5>\n                            <p class=\"card-text\">L\u2019Istituto segnala che l\u2019Universit\u00e0 \u201cG. d\u2019Annunzio\u201d di Chieti-Pescara\u00a0ha pubblicato un bando per l\u2019assegnazione di\u00a015 borse di studio\u00a0rivolte esclusivamente a\u00a0studenti internazionali. La scadenza per la presentazione delle candidature \u00e8 fissata alle\u00a0ore 23:59 del 20\/04\/2026 (ora italiana). Il bando completo \u00e8 disponibile al seguente link : Call for application | Universit\u00e0 degli Studi \u201cG. d\u2019Annunzio\u201d Chieti \u2013 [&hellip;]<\/p>\n                                <a title=\"Borse di studio Universit\u00e0 \u201cG. d\u2019Annunzio\u201d di Chieti-Pescara\" class=\"read-more\" href=\"https:\/\/iicrabat.esteri.it\/it\/news\/dall_istituto\/2026\/03\/borse-di-studio-universita-g-dannunzio-di-chieti-pescara\/\">\n                                    <span class=\"text\">Leggi di pi\u00f9<\/span>\n                                    <svg class=\"icon\">\n                                    <use xlink:href=\"https:\/\/iicrabat.esteri.it\/wp-content\/themes\/sedi-tema\/assets\/svg\/sprites.svg#it-arrow-right\"><\/use>\n                                    <\/svg>\n                                <\/a>\n                                                    <\/div>\n                    <\/div>\n                <\/div>\n                <!--end card-->\n                <\/div><!-- col-12 .mt-3-->\n                            <div class=\"col-12 mt-3\">\n                <!--start card-->\n                <div class=\"card-wrapper card-space\">\n                    <div class=\"card card-bg card-big border-bottom-card\">\n                        <div class=\"card-body \">\n                                                        <div class=\"category-top\">\n                                                                                                            <span class=\"\">\n                                        <svg class=\"icon icon-secondary\">\n                                            <use xlink:href=\"https:\/\/iicrabat.esteri.it\/wp-content\/themes\/sedi-tema\/assets\/svg\/sprites.svg#it-calendar\"><\/use>\n                                        <\/svg> 26 Marzo 2026                                    <\/span>\n                                                                    <\/div>\n                            <h5 class=\"card-title big-heading text-uppercase\"><a class=\"text-body text-decoration-none\" href=\"https:\/\/iicrabat.esteri.it\/it\/news\/dall_istituto\/2026\/03\/avviso-di-assunzione-impiegato-a-contratto-da-adibire-alle-mansioni-di-assistente-amministrativo-ambasciata-ditalia-a-rabat\/\" title=\"Avviso di assunzione impiegato a contratto da adibire alle mansioni di assistente amministrativo presso l&#8217;Ambasciata d&#8217;Italia a Rabat\">Avviso di assunzione impiegato a contratto da adibire alle mansioni di assistente amministrativo presso l&#8217;Ambasciata d&#8217;Italia a Rabat<\/a><\/h5>\n                            <p class=\"card-text\">E\u2019 indetta una procedura di selezione per l\u2019assunzione di n\u00b0 1 impiegati a contratto da adibire alle mansioni di assistente amministrativo presso l&#8217;Ambasciata d&#8217;Italia a Rabat. Le candidature sono ricevibili entro e non oltre le 23.59 del 23 aprile 2026. Avviso assunzione di impiegato a contratto Modulo_domanda_concorso &nbsp;<\/p>\n                                <a title=\"Avviso di assunzione impiegato a contratto da adibire alle mansioni di assistente amministrativo presso l&#8217;Ambasciata d&#8217;Italia a Rabat\" class=\"read-more\" href=\"https:\/\/iicrabat.esteri.it\/it\/news\/dall_istituto\/2026\/03\/avviso-di-assunzione-impiegato-a-contratto-da-adibire-alle-mansioni-di-assistente-amministrativo-ambasciata-ditalia-a-rabat\/\">\n                                    <span class=\"text\">Leggi di pi\u00f9<\/span>\n                                    <svg class=\"icon\">\n                                    <use xlink:href=\"https:\/\/iicrabat.esteri.it\/wp-content\/themes\/sedi-tema\/assets\/svg\/sprites.svg#it-arrow-right\"><\/use>\n                                    <\/svg>\n                                <\/a>\n                                                    <\/div>\n                    <\/div>\n                <\/div>\n                <!--end card-->\n                <\/div><!-- col-12 .mt-3-->\n            \n            <div class=\"col-md-12 mt-4 pb-4\">\n                <nav class=\"navigation col-md-12\" aria-label=\"Navigation\">\n                    <h2 class=\"screen-reader-text visually-hidden\">Paginazione<\/h2>\n                    <div class=\"nav-links\">\n                    <span aria-current=\"page\" class=\"page-numbers current\">1<\/span>\n<a class=\"page-numbers\" href=\"https:\/\/iicrabat.esteri.it\/it\/wp-json\/wp\/v2\/pages\/18\/?pag=2\">2<\/a>\n<a class=\"page-numbers\" href=\"https:\/\/iicrabat.esteri.it\/it\/wp-json\/wp\/v2\/pages\/18\/?pag=3\">3<\/a>\n<span class=\"page-numbers dots\">&hellip;<\/span>\n<a class=\"page-numbers\" href=\"https:\/\/iicrabat.esteri.it\/it\/wp-json\/wp\/v2\/pages\/18\/?pag=5\">5<\/a>\n<a class=\"next page-numbers\" href=\"https:\/\/iicrabat.esteri.it\/it\/wp-json\/wp\/v2\/pages\/18\/?pag=2\"><svg class=\"icon icon-primary\"><use xlink:href=\"https:\/\/iicrabat.esteri.it\/wp-content\/themes\/sedi-tema\/assets\/svg\/sprites.svg#it-chevron-right\"><\/use><\/svg>\n                                    <span class=\"visually-hidden\">Pagina successiva<\/span><\/a>                    <\/div>\n                <\/nav>\n            <\/div>   <!--.col-md-12 -->\n              <\/div><!--.row -->\n              \n","protected":false},"excerpt":{"rendered":"","protected":false},"author":1,"featured_media":0,"parent":0,"menu_order":8,"comment_status":"closed","ping_status":"closed","template":"","meta":{"footnotes":""},"class_list":["post-18","page","type-page","status-publish","hentry"],"_links":{"self":[{"href":"https:\/\/iicrabat.esteri.it\/it\/wp-json\/wp\/v2\/pages\/18","targetHints":{"allow":["GET"]}}],"collection":[{"href":"https:\/\/iicrabat.esteri.it\/it\/wp-json\/wp\/v2\/pages"}],"about":[{"href":"https:\/\/iicrabat.esteri.it\/it\/wp-json\/wp\/v2\/types\/page"}],"author":[{"embeddable":true,"href":"https:\/\/iicrabat.esteri.it\/it\/wp-json\/wp\/v2\/users\/1"}],"replies":[{"embeddable":true,"href":"https:\/\/iicrabat.esteri.it\/it\/wp-json\/wp\/v2\/comments?post=18"}],"version-history":[{"count":1,"href":"https:\/\/iicrabat.esteri.it\/it\/wp-json\/wp\/v2\/pages\/18\/revisions"}],"predecessor-version":[{"id":22,"href":"https:\/\/iicrabat.esteri.it\/it\/wp-json\/wp\/v2\/pages\/18\/revisions\/22"}],"wp:attachment":[{"href":"https:\/\/iicrabat.esteri.it\/it\/wp-json\/wp\/v2\/media?parent=18"}],"curies":[{"name":"wp","href":"https:\/\/api.w.org\/{rel}","templated":true}]}}