{"id":3140,"date":"2024-07-19T10:30:48","date_gmt":"2024-07-19T09:30:48","guid":{"rendered":"https:\/\/iicrabat.esteri.it\/gli_eventi\/archivio-eventi\/"},"modified":"2024-10-28T14:17:55","modified_gmt":"2024-10-28T13:17:55","slug":"archivio-eventi","status":"publish","type":"page","link":"https:\/\/iicrabat.esteri.it\/fr\/gli_eventi\/archivio-eventi\/","title":{"rendered":"Archives des \u00e9v\u00e9nements"},"content":{"rendered":"        <div class=\"row\">\n\t\t\t<!-- Ricerca sedi post -->\n\t\t\t<div class=\"col-12 mt-4\">\n\t\t\t  <div class=\"callout callout-highlight note ricerca-esteri p-4\">\n                    <div class=\"callout-title\">\n                        <svg class=\"icon\">\n                            <use xlink:href=\"https:\/\/iicrabat.esteri.it\/wp-content\/themes\/sedi-tema\/assets\/svg\/sprites.svg#it-search\"><\/use>\n                        <\/svg>Entrez vos param\u00e8tres de recherche                    <\/div>\n                    <form id=\"searchFormPost\" name=\"form-search-post\" class=\"form-row align-items-center\" action=\"https:\/\/iicrabat.esteri.it\/fr\/wp-json\/wp\/v2\/pages\/3140\/\" method=\"GET\"> \n                        <!-- <div class=\"form-group pt-5\"> -->\n                            <!-- <input type=\"hidden\" id=\"lang\" name=\"lang\" value=\"\"> --> <!-- <\/div> -->\n\n                        <div class=\"it-datepicker-wrapper\">\n                            <div class=\"row\">\n                                <div class=\"form-group col-md-6\">\n                                    <label class=\"active\" for=\"date-init\">Du<\/label>\n                                    <input class=\"form-control\" name=\"date-init\" id=\"date-init\" type=\"date\" placeholder=\"gg\/mm\/aaaa\" value=\"\"lang=\"en-EN\">  \n                                <\/div>\n                                <div class=\"form-group col-md-6\">\n                                    <label class=\"active\" for=\"date-end\">Au<\/label>\n                                    <input class=\"form-control\" name=\"date-end\" id=\"date-end\" type=\"date\" placeholder=\"gg\/mm\/aaaa\" value=\"\">\n                                <\/div>\n                            <\/div>\n                        <\/div>\n                        <div class=\"form-group col-md-12 mt-3\">\n                            <label for=\"searchText\">Champ de recherche gratuit<\/label>\n                            <input type=\"text\" name=\"searchText\" class=\"form-control\" id=\"searchText\" value=\"\">\n                        <\/div>\n                        <div class=\"form-group col-md-4 offset-md-8 text-end\">\n                            <a href=\"https:\/\/iicrabat.esteri.it\/fr\/gli_eventi\/archivio-eventi\/\" title=\"Form reset\" id=\"resetImput\" class=\"btn btn-outline-primary btn-xs\">Reset<\/a>\n                            <button type=\"submit\" class=\"btn btn-primary btn-xs\">Montrer les r\u00e9sultats<\/button>\n                        <\/div>\n                    <\/form>\n\t\t\t\t<\/div>\n\t\t\t<\/div>\n\t\t<\/div>\n                    \n            <div class=\"row\">\n                            <div class=\"col-12 mt-3\">\n                <!--start card-->\n                <div class=\"card-wrapper card-space\">\n                    <div class=\"card card-bg card-big border-bottom-card\">\n                        <div class=\"card-body row\">\n                                                    <div class=\"col-sm-3\">\n                                <div class=\"img-responsive\">\n                                    <figure class=\"img-wrapper\">\n                                        <a href=\"https:\/\/iicrabat.esteri.it\/fr\/gli_eventi\/calendario\/la-dolce-vita-a-mogador-rencontres-du-cinema-italien-essaouira-2\/\" title=\"Lire l'article: LA DOLCE VITA \u00c0 MOGADOR \u2013 RENCONTRES DU CIN\u00c9MA ITALIEN ESSAOUIRA\">\n                                                                                            <img loading=\"lazy\" decoding=\"async\" width=\"211\" height=\"300\" src=\"https:\/\/iicrabat.esteri.it\/wp-content\/uploads\/2026\/04\/Brochure-Rencontres-du-Cinema-Italien-a-Essaouira-pages-1_page-0001-211x300.jpg\" srcset=\"https:\/\/iicrabat.esteri.it\/wp-content\/uploads\/2026\/04\/Brochure-Rencontres-du-Cinema-Italien-a-Essaouira-pages-1_page-0001.jpg 975w, https:\/\/iicrabat.esteri.it\/wp-content\/uploads\/2026\/04\/Brochure-Rencontres-du-Cinema-Italien-a-Essaouira-pages-1_page-0001-211x300.jpg 211w, https:\/\/iicrabat.esteri.it\/wp-content\/uploads\/2026\/04\/Brochure-Rencontres-du-Cinema-Italien-a-Essaouira-pages-1_page-0001-719x1024.jpg 719w, https:\/\/iicrabat.esteri.it\/wp-content\/uploads\/2026\/04\/Brochure-Rencontres-du-Cinema-Italien-a-Essaouira-pages-1_page-0001-768x1093.jpg 768w\" sizes=\"auto, (max-width: 975px) 100vw, 975px\"  title=\"Brochure Rencontres du Cin\u00e9ma Italien \u00e0 Essaouira-pages (1)_page-0001\" alt=\"\" class=\"img-fluid\">\n                                                                                    <\/a>\n                                    <\/figure>\n                                <\/div>\n                            <\/div>\n                            <div class=\"col-sm-9\">\n                                                            <div class=\"category-top\">\n                                    <span class=\"fw-bold text-danger\">Ev\u00e9nement termin\u00e9<\/span>                                                                        <span class=\"data\">\n                                        <svg class=\"icon icon-secondary\">\n                                            <use xlink:href=\"https:\/\/iicrabat.esteri.it\/wp-content\/themes\/sedi-tema\/assets\/svg\/sprites.svg#it-calendar\"><\/use>\n                                        <\/svg> mer Avr 15 2026<svg class=\"icon icon-xs icon-secondary me-1 ms-1\"><use href=\"https:\/\/iicrabat.esteri.it\/wp-content\/themes\/sedi-tema\/assets\/svg\/sprites.svg#it-arrow-right\"><\/use><\/svg>sam Avr 18 2026                                    <\/span>\n                                                                    <\/div>\n                            <h5 class=\"card-title big-heading text-uppercase\"><a class=\"text-body text-decoration-none\" href=\"https:\/\/iicrabat.esteri.it\/fr\/gli_eventi\/calendario\/la-dolce-vita-a-mogador-rencontres-du-cinema-italien-essaouira-2\/\" title=\"LA DOLCE VITA \u00c0 MOGADOR \u2013 RENCONTRES DU CIN\u00c9MA ITALIEN ESSAOUIRA\">LA DOLCE VITA \u00c0 MOGADOR \u2013 RENCONTRES DU CIN\u00c9MA ITALIEN ESSAOUIRA<\/a><\/h5>\n                            <p class=\"card-text\">Apr\u00e8s le grand succ\u00e8s des \u00e9ditions pr\u00e9c\u00e9dentes,\u00a0La Dolce Vita \u00e0 Mogador \u2013 Rencontres du Cin\u00e9ma Italien d\u2019Essaouira\u00a0pr\u00e9sente sa\u00a0quatri\u00e8me \u00e9dition, qui se tiendra du\u00a015 au 18 avril 2026. Devenu un rendez-vous incontournable de la sc\u00e8ne culturelle internationale, l\u2019\u00e9v\u00e9nement mettra une nouvelle fois \u00e0 l\u2019honneur\u00a0l\u2019excellence et la cr\u00e9ativit\u00e9 du cin\u00e9ma italien, dans le cadre unique et enchanteur [&hellip;]<\/p>\n                                <a title=\"LA DOLCE VITA \u00c0 MOGADOR \u2013 RENCONTRES DU CIN\u00c9MA ITALIEN ESSAOUIRA\" class=\"read-more\" href=\"https:\/\/iicrabat.esteri.it\/fr\/gli_eventi\/calendario\/la-dolce-vita-a-mogador-rencontres-du-cinema-italien-essaouira-2\/\">\n                                    <span class=\"text\">Lire la suite<\/span>\n                                    <svg class=\"icon\">\n                                    <use xlink:href=\"https:\/\/iicrabat.esteri.it\/wp-content\/themes\/sedi-tema\/assets\/svg\/sprites.svg#it-arrow-right\"><\/use>\n                                    <\/svg>\n                                <\/a>\n                                                        <\/div>\n                                                    <\/div>\n                    <\/div>\n                <\/div>\n                <!--end card-->\n                <\/div><!-- col-12 .mt-3-->\n                            <div class=\"col-12 mt-3\">\n                <!--start card-->\n                <div class=\"card-wrapper card-space\">\n                    <div class=\"card card-bg card-big border-bottom-card\">\n                        <div class=\"card-body row\">\n                                                    <div class=\"col-sm-3\">\n                                <div class=\"img-responsive\">\n                                    <figure class=\"img-wrapper\">\n                                        <a href=\"https:\/\/iicrabat.esteri.it\/fr\/gli_eventi\/calendario\/concert-pour-saxophone-de-gianni-denitto-a-loccasion-de-la-5eme-edition-du-jazzin-festival-de-tanger\/\" title=\"Lire l'article: Concert pour Saxophone de Gianni Denitto \u00e0 l\u2019occasion de la 5\u00e8me Edition du Jazzin Festival de Tanger\">\n                                                                                            <img loading=\"lazy\" decoding=\"async\" width=\"300\" height=\"300\" src=\"https:\/\/iicrabat.esteri.it\/wp-content\/uploads\/2026\/03\/grafica-Gianni-Denitto-Jazzin--300x300.jpeg\" srcset=\"https:\/\/iicrabat.esteri.it\/wp-content\/uploads\/2026\/03\/grafica-Gianni-Denitto-Jazzin-.jpeg 1200w, https:\/\/iicrabat.esteri.it\/wp-content\/uploads\/2026\/03\/grafica-Gianni-Denitto-Jazzin--300x300.jpeg 300w, https:\/\/iicrabat.esteri.it\/wp-content\/uploads\/2026\/03\/grafica-Gianni-Denitto-Jazzin--1024x1024.jpeg 1024w, https:\/\/iicrabat.esteri.it\/wp-content\/uploads\/2026\/03\/grafica-Gianni-Denitto-Jazzin--150x150.jpeg 150w, https:\/\/iicrabat.esteri.it\/wp-content\/uploads\/2026\/03\/grafica-Gianni-Denitto-Jazzin--768x768.jpeg 768w\" sizes=\"auto, (max-width: 1200px) 100vw, 1200px\"  title=\"Gianni Denitto Jazzin\" alt=\"\" class=\"img-fluid\">\n                                                                                    <\/a>\n                                    <\/figure>\n                                <\/div>\n                            <\/div>\n                            <div class=\"col-sm-9\">\n                                                            <div class=\"category-top\">\n                                    <span class=\"fw-bold text-danger\">Ev\u00e9nement termin\u00e9<\/span>                                                                        <span class=\"data\">\n                                        <svg class=\"icon icon-secondary\">\n                                            <use xlink:href=\"https:\/\/iicrabat.esteri.it\/wp-content\/themes\/sedi-tema\/assets\/svg\/sprites.svg#it-calendar\"><\/use>\n                                        <\/svg> jeu Avr 02 2026<svg class=\"icon icon-xs icon-secondary me-1 ms-1\"><use href=\"https:\/\/iicrabat.esteri.it\/wp-content\/themes\/sedi-tema\/assets\/svg\/sprites.svg#it-arrow-right\"><\/use><\/svg>jeu Avr 02 2026                                    <\/span>\n                                                                    <\/div>\n                            <h5 class=\"card-title big-heading text-uppercase\"><a class=\"text-body text-decoration-none\" href=\"https:\/\/iicrabat.esteri.it\/fr\/gli_eventi\/calendario\/concert-pour-saxophone-de-gianni-denitto-a-loccasion-de-la-5eme-edition-du-jazzin-festival-de-tanger\/\" title=\"Concert pour Saxophone de Gianni Denitto \u00e0 l\u2019occasion de la 5\u00e8me Edition du Jazzin Festival de Tanger\">Concert pour Saxophone de Gianni Denitto \u00e0 l\u2019occasion de la 5\u00e8me Edition du Jazzin Festival de Tanger<\/a><\/h5>\n                            <p class=\"card-text\">L\u2019Ambassade d\u2019Italie \u00e0 Rabat et l\u2019Institut Culturel Italien de Rabat vous invitent \u00e0 assister au concert du saxophoniste Gianni Denitto lors de la cinqui\u00e8me \u00e9dition du Festival Jazzin de Tanger, qui se tiendra du 2 au 4 avril 2026. JAZZIN \u00c0 TANGER Le Jazzin Festival, \u00e9v\u00e9nement embl\u00e9matique de la sc\u00e8ne musicale du nord du Royaume [&hellip;]<\/p>\n                                <a title=\"Concert pour Saxophone de Gianni Denitto \u00e0 l\u2019occasion de la 5\u00e8me Edition du Jazzin Festival de Tanger\" class=\"read-more\" href=\"https:\/\/iicrabat.esteri.it\/fr\/gli_eventi\/calendario\/concert-pour-saxophone-de-gianni-denitto-a-loccasion-de-la-5eme-edition-du-jazzin-festival-de-tanger\/\">\n                                    <span class=\"text\">Lire la suite<\/span>\n                                    <svg class=\"icon\">\n                                    <use xlink:href=\"https:\/\/iicrabat.esteri.it\/wp-content\/themes\/sedi-tema\/assets\/svg\/sprites.svg#it-arrow-right\"><\/use>\n                                    <\/svg>\n                                <\/a>\n                                                        <\/div>\n                                                    <\/div>\n                    <\/div>\n                <\/div>\n                <!--end card-->\n                <\/div><!-- col-12 .mt-3-->\n                            <div class=\"col-12 mt-3\">\n                <!--start card-->\n                <div class=\"card-wrapper card-space\">\n                    <div class=\"card card-bg card-big border-bottom-card\">\n                        <div class=\"card-body row\">\n                                                    <div class=\"col-sm-3\">\n                                <div class=\"img-responsive\">\n                                    <figure class=\"img-wrapper\">\n                                        <a href=\"https:\/\/iicrabat.esteri.it\/fr\/gli_eventi\/calendario\/italian-design-day-2026-le-design-au-coeur-des-enjeux-de-regeneration-des-espaces-et-des-territoires\/\" title=\"Lire l'article: Italian Design Day 2026 : le design au c\u0153ur des enjeux de r\u00e9g\u00e9n\u00e9ration des espaces et des territoires\">\n                                                                                            <img loading=\"lazy\" decoding=\"async\" width=\"212\" height=\"300\" src=\"https:\/\/iicrabat.esteri.it\/wp-content\/uploads\/2026\/03\/RIGENERARE-SPAZI-OGGETTI-IDEE-RELAZIONI.-locandina-completa-1-212x300.png\" srcset=\"https:\/\/iicrabat.esteri.it\/wp-content\/uploads\/2026\/03\/RIGENERARE-SPAZI-OGGETTI-IDEE-RELAZIONI.-locandina-completa-1.png 1414w, https:\/\/iicrabat.esteri.it\/wp-content\/uploads\/2026\/03\/RIGENERARE-SPAZI-OGGETTI-IDEE-RELAZIONI.-locandina-completa-1-212x300.png 212w, https:\/\/iicrabat.esteri.it\/wp-content\/uploads\/2026\/03\/RIGENERARE-SPAZI-OGGETTI-IDEE-RELAZIONI.-locandina-completa-1-724x1024.png 724w, https:\/\/iicrabat.esteri.it\/wp-content\/uploads\/2026\/03\/RIGENERARE-SPAZI-OGGETTI-IDEE-RELAZIONI.-locandina-completa-1-768x1086.png 768w\" sizes=\"auto, (max-width: 1414px) 100vw, 1414px\"  title=\"RIGENERARE-SPAZI-OGGETTI-IDEE-RELAZIONI.-locandina-completa (1)\" alt=\"\" class=\"img-fluid\">\n                                                                                    <\/a>\n                                    <\/figure>\n                                <\/div>\n                            <\/div>\n                            <div class=\"col-sm-9\">\n                                                            <div class=\"category-top\">\n                                    <span class=\"fw-bold text-danger\">Ev\u00e9nement termin\u00e9<\/span>                                                                        <span class=\"data\">\n                                        <svg class=\"icon icon-secondary\">\n                                            <use xlink:href=\"https:\/\/iicrabat.esteri.it\/wp-content\/themes\/sedi-tema\/assets\/svg\/sprites.svg#it-calendar\"><\/use>\n                                        <\/svg> mer Mar 25 2026<svg class=\"icon icon-xs icon-secondary me-1 ms-1\"><use href=\"https:\/\/iicrabat.esteri.it\/wp-content\/themes\/sedi-tema\/assets\/svg\/sprites.svg#it-arrow-right\"><\/use><\/svg>mer Mar 25 2026                                    <\/span>\n                                                                    <\/div>\n                            <h5 class=\"card-title big-heading text-uppercase\"><a class=\"text-body text-decoration-none\" href=\"https:\/\/iicrabat.esteri.it\/fr\/gli_eventi\/calendario\/italian-design-day-2026-le-design-au-coeur-des-enjeux-de-regeneration-des-espaces-et-des-territoires\/\" title=\"Italian Design Day 2026 : le design au c\u0153ur des enjeux de r\u00e9g\u00e9n\u00e9ration des espaces et des territoires\">Italian Design Day 2026 : le design au c\u0153ur des enjeux de r\u00e9g\u00e9n\u00e9ration des espaces et des territoires<\/a><\/h5>\n                            <p class=\"card-text\">L\u2019Ambassade d\u2019Italie au Maroc organise, en partenariat avec l\u2019Agence Italienne pour le Commerce Ext\u00e9rieur, et avec la collaboration de l\u2019Institut Culturel Italien de Rabat, la dixi\u00e8me \u00e9dition de la Journ\u00e9e du Design Italien dans le Monde (Italian Design Day \u2013 IDD), initiative du r\u00e9seau diplomatique italien promue par le Minist\u00e8re des Affaires \u00c9trang\u00e8res et de [&hellip;]<\/p>\n                                <a title=\"Italian Design Day 2026 : le design au c\u0153ur des enjeux de r\u00e9g\u00e9n\u00e9ration des espaces et des territoires\" class=\"read-more\" href=\"https:\/\/iicrabat.esteri.it\/fr\/gli_eventi\/calendario\/italian-design-day-2026-le-design-au-coeur-des-enjeux-de-regeneration-des-espaces-et-des-territoires\/\">\n                                    <span class=\"text\">Lire la suite<\/span>\n                                    <svg class=\"icon\">\n                                    <use xlink:href=\"https:\/\/iicrabat.esteri.it\/wp-content\/themes\/sedi-tema\/assets\/svg\/sprites.svg#it-arrow-right\"><\/use>\n                                    <\/svg>\n                                <\/a>\n                                                        <\/div>\n                                                    <\/div>\n                    <\/div>\n                <\/div>\n                <!--end card-->\n                <\/div><!-- col-12 .mt-3-->\n                            <div class=\"col-12 mt-3\">\n                <!--start card-->\n                <div class=\"card-wrapper card-space\">\n                    <div class=\"card card-bg card-big border-bottom-card\">\n                        <div class=\"card-body row\">\n                                                    <div class=\"col-sm-3\">\n                                <div class=\"img-responsive\">\n                                    <figure class=\"img-wrapper\">\n                                        <a href=\"https:\/\/iicrabat.esteri.it\/fr\/gli_eventi\/calendario\/spectacle-de-danse-romeo-et-juliette-interprete-par-la-compagnie-le-ballet-de-milan\/\" title=\"Lire l'article: Spectacle de danse \u00ab\u00a0Romeo et Juliette\u00a0\u00bb interpr\u00e9t\u00e9 par la compagnie le Ballet de Milan\">\n                                                                                            <img loading=\"lazy\" decoding=\"async\" width=\"300\" height=\"300\" src=\"https:\/\/iicrabat.esteri.it\/wp-content\/uploads\/2026\/02\/Romeo-e-Giulietta-Il-Balletto-di-Milano-300x300.jpg\" srcset=\"https:\/\/iicrabat.esteri.it\/wp-content\/uploads\/2026\/02\/Romeo-e-Giulietta-Il-Balletto-di-Milano.jpg 1280w, https:\/\/iicrabat.esteri.it\/wp-content\/uploads\/2026\/02\/Romeo-e-Giulietta-Il-Balletto-di-Milano-300x300.jpg 300w, https:\/\/iicrabat.esteri.it\/wp-content\/uploads\/2026\/02\/Romeo-e-Giulietta-Il-Balletto-di-Milano-1024x1024.jpg 1024w, https:\/\/iicrabat.esteri.it\/wp-content\/uploads\/2026\/02\/Romeo-e-Giulietta-Il-Balletto-di-Milano-150x150.jpg 150w, https:\/\/iicrabat.esteri.it\/wp-content\/uploads\/2026\/02\/Romeo-e-Giulietta-Il-Balletto-di-Milano-768x768.jpg 768w\" sizes=\"auto, (max-width: 1280px) 100vw, 1280px\"  title=\"Romeo e Giulietta (Il Balletto di Milano)\" alt=\"\" class=\"img-fluid\">\n                                                                                    <\/a>\n                                    <\/figure>\n                                <\/div>\n                            <\/div>\n                            <div class=\"col-sm-9\">\n                                                            <div class=\"category-top\">\n                                    <span class=\"fw-bold text-danger\">Ev\u00e9nement termin\u00e9<\/span>                                                                        <span class=\"data\">\n                                        <svg class=\"icon icon-secondary\">\n                                            <use xlink:href=\"https:\/\/iicrabat.esteri.it\/wp-content\/themes\/sedi-tema\/assets\/svg\/sprites.svg#it-calendar\"><\/use>\n                                        <\/svg> dim F\u00e9v 15 2026<svg class=\"icon icon-xs icon-secondary me-1 ms-1\"><use href=\"https:\/\/iicrabat.esteri.it\/wp-content\/themes\/sedi-tema\/assets\/svg\/sprites.svg#it-arrow-right\"><\/use><\/svg>dim F\u00e9v 15 2026                                    <\/span>\n                                                                    <\/div>\n                            <h5 class=\"card-title big-heading text-uppercase\"><a class=\"text-body text-decoration-none\" href=\"https:\/\/iicrabat.esteri.it\/fr\/gli_eventi\/calendario\/spectacle-de-danse-romeo-et-juliette-interprete-par-la-compagnie-le-ballet-de-milan\/\" title=\"Spectacle de danse \u00ab\u00a0Romeo et Juliette\u00a0\u00bb interpr\u00e9t\u00e9 par la compagnie le Ballet de Milan\">Spectacle de danse \u00ab\u00a0Romeo et Juliette\u00a0\u00bb interpr\u00e9t\u00e9 par la compagnie le Ballet de Milan<\/a><\/h5>\n                            <p class=\"card-text\">La plus grande histoire d&rsquo;amour dans une production in\u00e9dite et extraordinaire, fid\u00e8le \u00e0 la trag\u00e9die de William Shakespeare. Une symphonie d&rsquo;or et d&rsquo;argent domine la sc\u00e8ne, gr\u00e2ce aux somptueux costumes des deux familles rivales, symbolis\u00e9s par ces deux couleurs, et aux d\u00e9cors de Marco Pesta. &nbsp; L&rsquo;or \u00e9clatant des Capulet brille lors du bal o\u00f9 [&hellip;]<\/p>\n                                <a title=\"Spectacle de danse \u00ab\u00a0Romeo et Juliette\u00a0\u00bb interpr\u00e9t\u00e9 par la compagnie le Ballet de Milan\" class=\"read-more\" href=\"https:\/\/iicrabat.esteri.it\/fr\/gli_eventi\/calendario\/spectacle-de-danse-romeo-et-juliette-interprete-par-la-compagnie-le-ballet-de-milan\/\">\n                                    <span class=\"text\">Lire la suite<\/span>\n                                    <svg class=\"icon\">\n                                    <use xlink:href=\"https:\/\/iicrabat.esteri.it\/wp-content\/themes\/sedi-tema\/assets\/svg\/sprites.svg#it-arrow-right\"><\/use>\n                                    <\/svg>\n                                <\/a>\n                                                        <\/div>\n                                                    <\/div>\n                    <\/div>\n                <\/div>\n                <!--end card-->\n                <\/div><!-- col-12 .mt-3-->\n                            <div class=\"col-12 mt-3\">\n                <!--start card-->\n                <div class=\"card-wrapper card-space\">\n                    <div class=\"card card-bg card-big border-bottom-card\">\n                        <div class=\"card-body row\">\n                                                    <div class=\"col-sm-3\">\n                                <div class=\"img-responsive\">\n                                    <figure class=\"img-wrapper\">\n                                        <a href=\"https:\/\/iicrabat.esteri.it\/fr\/gli_eventi\/calendario\/jeunes-talents-musicaux-italiens-dans-le-monde-2026-gabriele-strata-recital-di-piano-2\/\" title=\"Lire l'article: \u00abJeunes Talents Musicaux Italiens dans le Monde 2026\u00bb \u2013 Gabriele Strata, r\u00e9cital de piano\">\n                                                                                            <img loading=\"lazy\" decoding=\"async\" width=\"200\" height=\"300\" src=\"https:\/\/iicrabat.esteri.it\/wp-content\/uploads\/2026\/01\/Strata-1000-2026_11-4-200x300.jpg\" srcset=\"https:\/\/iicrabat.esteri.it\/wp-content\/uploads\/2026\/01\/Strata-1000-2026_11-4-scaled.jpg 1707w, https:\/\/iicrabat.esteri.it\/wp-content\/uploads\/2026\/01\/Strata-1000-2026_11-4-200x300.jpg 200w, https:\/\/iicrabat.esteri.it\/wp-content\/uploads\/2026\/01\/Strata-1000-2026_11-4-683x1024.jpg 683w, https:\/\/iicrabat.esteri.it\/wp-content\/uploads\/2026\/01\/Strata-1000-2026_11-4-768x1152.jpg 768w\" sizes=\"auto, (max-width: 1707px) 100vw, 1707px\"  title=\"Strata 1000 2026_11\" alt=\"\" class=\"img-fluid\">\n                                                                                    <\/a>\n                                    <\/figure>\n                                <\/div>\n                            <\/div>\n                            <div class=\"col-sm-9\">\n                                                            <div class=\"category-top\">\n                                    <span class=\"fw-bold text-danger\">Ev\u00e9nement termin\u00e9<\/span>                                                                        <span class=\"data\">\n                                        <svg class=\"icon icon-secondary\">\n                                            <use xlink:href=\"https:\/\/iicrabat.esteri.it\/wp-content\/themes\/sedi-tema\/assets\/svg\/sprites.svg#it-calendar\"><\/use>\n                                        <\/svg> jeu F\u00e9v 05 2026<svg class=\"icon icon-xs icon-secondary me-1 ms-1\"><use href=\"https:\/\/iicrabat.esteri.it\/wp-content\/themes\/sedi-tema\/assets\/svg\/sprites.svg#it-arrow-right\"><\/use><\/svg>jeu F\u00e9v 05 2026                                    <\/span>\n                                                                    <\/div>\n                            <h5 class=\"card-title big-heading text-uppercase\"><a class=\"text-body text-decoration-none\" href=\"https:\/\/iicrabat.esteri.it\/fr\/gli_eventi\/calendario\/jeunes-talents-musicaux-italiens-dans-le-monde-2026-gabriele-strata-recital-di-piano-2\/\" title=\"\u00abJeunes Talents Musicaux Italiens dans le Monde 2026\u00bb \u2013 Gabriele Strata, r\u00e9cital de piano\">\u00abJeunes Talents Musicaux Italiens dans le Monde 2026\u00bb \u2013 Gabriele Strata, r\u00e9cital de piano<\/a><\/h5>\n                            <p class=\"card-text\">Jeudi 5 f\u00e9vrier 2026, 18h00, Institut Jamai de la Musique et d\u2019Art Chor\u00e9graphique de F\u00e8s Gabriele Strata, r\u00e9cital de piano L\u2019Ambassade d\u2019Italie dans le Royaume du Maroc, l\u2019Institut Culturel Italien de Rabat et le CIDIM (Comit\u00e9 National Italien de la Musique) en collaboration avec la Fondation Esprit de F\u00e8s, l\u2019Universit\u00e9 Al Akhawayn d\u2019Ifrane et le [&hellip;]<\/p>\n                                <a title=\"\u00abJeunes Talents Musicaux Italiens dans le Monde 2026\u00bb \u2013 Gabriele Strata, r\u00e9cital de piano\" class=\"read-more\" href=\"https:\/\/iicrabat.esteri.it\/fr\/gli_eventi\/calendario\/jeunes-talents-musicaux-italiens-dans-le-monde-2026-gabriele-strata-recital-di-piano-2\/\">\n                                    <span class=\"text\">Lire la suite<\/span>\n                                    <svg class=\"icon\">\n                                    <use xlink:href=\"https:\/\/iicrabat.esteri.it\/wp-content\/themes\/sedi-tema\/assets\/svg\/sprites.svg#it-arrow-right\"><\/use>\n                                    <\/svg>\n                                <\/a>\n                                                        <\/div>\n                                                    <\/div>\n                    <\/div>\n                <\/div>\n                <!--end card-->\n                <\/div><!-- col-12 .mt-3-->\n                            <div class=\"col-12 mt-3\">\n                <!--start card-->\n                <div class=\"card-wrapper card-space\">\n                    <div class=\"card card-bg card-big border-bottom-card\">\n                        <div class=\"card-body row\">\n                                                    <div class=\"col-sm-3\">\n                                <div class=\"img-responsive\">\n                                    <figure class=\"img-wrapper\">\n                                        <a href=\"https:\/\/iicrabat.esteri.it\/fr\/gli_eventi\/calendario\/jeunes-talents-musicaux-italiens-dans-le-monde-2026-gabriele-strata-recital-di-piano\/\" title=\"Lire l'article: \u00abJeunes Talents Musicaux Italiens dans le Monde 2026\u00bb \u2013 Gabriele Strata, r\u00e9cital de piano\">\n                                                                                            <img loading=\"lazy\" decoding=\"async\" width=\"200\" height=\"300\" src=\"https:\/\/iicrabat.esteri.it\/wp-content\/uploads\/2026\/01\/Strata-1000-2026_11-3-200x300.jpg\" srcset=\"https:\/\/iicrabat.esteri.it\/wp-content\/uploads\/2026\/01\/Strata-1000-2026_11-3-scaled.jpg 1707w, https:\/\/iicrabat.esteri.it\/wp-content\/uploads\/2026\/01\/Strata-1000-2026_11-3-200x300.jpg 200w, https:\/\/iicrabat.esteri.it\/wp-content\/uploads\/2026\/01\/Strata-1000-2026_11-3-683x1024.jpg 683w, https:\/\/iicrabat.esteri.it\/wp-content\/uploads\/2026\/01\/Strata-1000-2026_11-3-768x1152.jpg 768w\" sizes=\"auto, (max-width: 1707px) 100vw, 1707px\"  title=\"Strata 1000 2026_11\" alt=\"\" class=\"img-fluid\">\n                                                                                    <\/a>\n                                    <\/figure>\n                                <\/div>\n                            <\/div>\n                            <div class=\"col-sm-9\">\n                                                            <div class=\"category-top\">\n                                    <span class=\"fw-bold text-danger\">Ev\u00e9nement termin\u00e9<\/span>                                                                        <span class=\"data\">\n                                        <svg class=\"icon icon-secondary\">\n                                            <use xlink:href=\"https:\/\/iicrabat.esteri.it\/wp-content\/themes\/sedi-tema\/assets\/svg\/sprites.svg#it-calendar\"><\/use>\n                                        <\/svg> mer F\u00e9v 04 2026<svg class=\"icon icon-xs icon-secondary me-1 ms-1\"><use href=\"https:\/\/iicrabat.esteri.it\/wp-content\/themes\/sedi-tema\/assets\/svg\/sprites.svg#it-arrow-right\"><\/use><\/svg>mer F\u00e9v 04 2026                                    <\/span>\n                                                                    <\/div>\n                            <h5 class=\"card-title big-heading text-uppercase\"><a class=\"text-body text-decoration-none\" href=\"https:\/\/iicrabat.esteri.it\/fr\/gli_eventi\/calendario\/jeunes-talents-musicaux-italiens-dans-le-monde-2026-gabriele-strata-recital-di-piano\/\" title=\"\u00abJeunes Talents Musicaux Italiens dans le Monde 2026\u00bb \u2013 Gabriele Strata, r\u00e9cital de piano\">\u00abJeunes Talents Musicaux Italiens dans le Monde 2026\u00bb \u2013 Gabriele Strata, r\u00e9cital de piano<\/a><\/h5>\n                            <p class=\"card-text\">Mercredi 4 f\u00e9vrier 2026, 19h00, Universit\u00e9 Al Akhawayn d\u2019Ifrane Gabriele Strata, r\u00e9cital de piano L\u2019Ambassade d\u2019Italie dans le Royaume du Maroc, l\u2019Institut Culturel Italien de Rabat et le CIDIM (Comit\u00e9 National Italien de la Musique) en collaboration avec la Fondation Esprit de F\u00e8s, l\u2019Universit\u00e9 Al Akhawayn d\u2019Ifrane et le Conservatoire R\u00e9gionale de Musique et d\u2019Art [&hellip;]<\/p>\n                                <a title=\"\u00abJeunes Talents Musicaux Italiens dans le Monde 2026\u00bb \u2013 Gabriele Strata, r\u00e9cital de piano\" class=\"read-more\" href=\"https:\/\/iicrabat.esteri.it\/fr\/gli_eventi\/calendario\/jeunes-talents-musicaux-italiens-dans-le-monde-2026-gabriele-strata-recital-di-piano\/\">\n                                    <span class=\"text\">Lire la suite<\/span>\n                                    <svg class=\"icon\">\n                                    <use xlink:href=\"https:\/\/iicrabat.esteri.it\/wp-content\/themes\/sedi-tema\/assets\/svg\/sprites.svg#it-arrow-right\"><\/use>\n                                    <\/svg>\n                                <\/a>\n                                                        <\/div>\n                                                    <\/div>\n                    <\/div>\n                <\/div>\n                <!--end card-->\n                <\/div><!-- col-12 .mt-3-->\n                            <div class=\"col-12 mt-3\">\n                <!--start card-->\n                <div class=\"card-wrapper card-space\">\n                    <div class=\"card card-bg card-big border-bottom-card\">\n                        <div class=\"card-body row\">\n                                                    <div class=\"col-sm-3\">\n                                <div class=\"img-responsive\">\n                                    <figure class=\"img-wrapper\">\n                                        <a href=\"https:\/\/iicrabat.esteri.it\/fr\/gli_eventi\/calendario\/jeunes-talents-musicaux-italiens-dans-le-monde-2026-duo-euridice-pezzotta-flute-matteo-chiodini-guitare-2\/\" title=\"Lire l'article: \u00abJeunes Talents Musicaux Italiens dans le Monde 2026\u00bb \u2013 duo Euridice Pezzotta fl\u00fbte \u2013 Matteo Chiodini guitare\">\n                                                                                            <img loading=\"lazy\" decoding=\"async\" width=\"300\" height=\"169\" src=\"https:\/\/iicrabat.esteri.it\/wp-content\/uploads\/2026\/01\/Matteo-e-Euridice-010_11-compressed-landscape-300x169.png\" srcset=\"https:\/\/iicrabat.esteri.it\/wp-content\/uploads\/2026\/01\/Matteo-e-Euridice-010_11-compressed-landscape.png 1920w, https:\/\/iicrabat.esteri.it\/wp-content\/uploads\/2026\/01\/Matteo-e-Euridice-010_11-compressed-landscape-300x169.png 300w, https:\/\/iicrabat.esteri.it\/wp-content\/uploads\/2026\/01\/Matteo-e-Euridice-010_11-compressed-landscape-1024x575.png 1024w, https:\/\/iicrabat.esteri.it\/wp-content\/uploads\/2026\/01\/Matteo-e-Euridice-010_11-compressed-landscape-768x432.png 768w\" sizes=\"auto, (max-width: 1920px) 100vw, 1920px\"  title=\"Matteo e Euridice\" alt=\"\" class=\"img-fluid\">\n                                                                                    <\/a>\n                                    <\/figure>\n                                <\/div>\n                            <\/div>\n                            <div class=\"col-sm-9\">\n                                                            <div class=\"category-top\">\n                                    <span class=\"fw-bold text-danger\">Ev\u00e9nement termin\u00e9<\/span>                                                                        <span class=\"data\">\n                                        <svg class=\"icon icon-secondary\">\n                                            <use xlink:href=\"https:\/\/iicrabat.esteri.it\/wp-content\/themes\/sedi-tema\/assets\/svg\/sprites.svg#it-calendar\"><\/use>\n                                        <\/svg> mar F\u00e9v 03 2026<svg class=\"icon icon-xs icon-secondary me-1 ms-1\"><use href=\"https:\/\/iicrabat.esteri.it\/wp-content\/themes\/sedi-tema\/assets\/svg\/sprites.svg#it-arrow-right\"><\/use><\/svg>mar F\u00e9v 03 2026                                    <\/span>\n                                                                    <\/div>\n                            <h5 class=\"card-title big-heading text-uppercase\"><a class=\"text-body text-decoration-none\" href=\"https:\/\/iicrabat.esteri.it\/fr\/gli_eventi\/calendario\/jeunes-talents-musicaux-italiens-dans-le-monde-2026-duo-euridice-pezzotta-flute-matteo-chiodini-guitare-2\/\" title=\"\u00abJeunes Talents Musicaux Italiens dans le Monde 2026\u00bb \u2013 duo Euridice Pezzotta fl\u00fbte \u2013 Matteo Chiodini guitare\">\u00abJeunes Talents Musicaux Italiens dans le Monde 2026\u00bb \u2013 duo Euridice Pezzotta fl\u00fbte \u2013 Matteo Chiodini guitare<\/a><\/h5>\n                            <p class=\"card-text\">Mardi 3 f\u00e9vrier 2026, 18h00, Institut Jamai de la Musique et d\u2019Art Chor\u00e9graphique de F\u00e8s Duo: Euridice Pezzotta,fl\u00fbte \u2013 Matteo Chiodini, guitare L\u2019Ambassade d\u2019Italie dans le Royaume du Maroc, l\u2019Institut Culturel Italien de Rabat et le CIDIM (Comit\u00e9 National Italien de la Musique) en collaboration avec la Fondation Esprit de F\u00e8s, l\u2019Universit\u00e9 Al Akhawayn d\u2019Ifrane [&hellip;]<\/p>\n                                <a title=\"\u00abJeunes Talents Musicaux Italiens dans le Monde 2026\u00bb \u2013 duo Euridice Pezzotta fl\u00fbte \u2013 Matteo Chiodini guitare\" class=\"read-more\" href=\"https:\/\/iicrabat.esteri.it\/fr\/gli_eventi\/calendario\/jeunes-talents-musicaux-italiens-dans-le-monde-2026-duo-euridice-pezzotta-flute-matteo-chiodini-guitare-2\/\">\n                                    <span class=\"text\">Lire la suite<\/span>\n                                    <svg class=\"icon\">\n                                    <use xlink:href=\"https:\/\/iicrabat.esteri.it\/wp-content\/themes\/sedi-tema\/assets\/svg\/sprites.svg#it-arrow-right\"><\/use>\n                                    <\/svg>\n                                <\/a>\n                                                        <\/div>\n                                                    <\/div>\n                    <\/div>\n                <\/div>\n                <!--end card-->\n                <\/div><!-- col-12 .mt-3-->\n                            <div class=\"col-12 mt-3\">\n                <!--start card-->\n                <div class=\"card-wrapper card-space\">\n                    <div class=\"card card-bg card-big border-bottom-card\">\n                        <div class=\"card-body row\">\n                                                    <div class=\"col-sm-3\">\n                                <div class=\"img-responsive\">\n                                    <figure class=\"img-wrapper\">\n                                        <a href=\"https:\/\/iicrabat.esteri.it\/fr\/gli_eventi\/calendario\/jeunes-talents-musicaux-italiens-dans-le-monde-2026-duo-euridice-pezzotta-flute-matteo-chiodini-guitare\/\" title=\"Lire l'article: \u00abJeunes Talents Musicaux Italiens dans le Monde 2026\u00bb \u2013 duo Euridice Pezzotta fl\u00fbte &#8211; Matteo Chiodini guitare\">\n                                                                                            <img loading=\"lazy\" decoding=\"async\" width=\"300\" height=\"169\" src=\"https:\/\/iicrabat.esteri.it\/wp-content\/uploads\/2026\/01\/Matteo-e-Euridice-010_11-compressed-landscape-300x169.png\" srcset=\"https:\/\/iicrabat.esteri.it\/wp-content\/uploads\/2026\/01\/Matteo-e-Euridice-010_11-compressed-landscape.png 1920w, https:\/\/iicrabat.esteri.it\/wp-content\/uploads\/2026\/01\/Matteo-e-Euridice-010_11-compressed-landscape-300x169.png 300w, https:\/\/iicrabat.esteri.it\/wp-content\/uploads\/2026\/01\/Matteo-e-Euridice-010_11-compressed-landscape-1024x575.png 1024w, https:\/\/iicrabat.esteri.it\/wp-content\/uploads\/2026\/01\/Matteo-e-Euridice-010_11-compressed-landscape-768x432.png 768w\" sizes=\"auto, (max-width: 1920px) 100vw, 1920px\"  title=\"Matteo e Euridice\" alt=\"\" class=\"img-fluid\">\n                                                                                    <\/a>\n                                    <\/figure>\n                                <\/div>\n                            <\/div>\n                            <div class=\"col-sm-9\">\n                                                            <div class=\"category-top\">\n                                    <span class=\"fw-bold text-danger\">Ev\u00e9nement termin\u00e9<\/span>                                                                        <span class=\"data\">\n                                        <svg class=\"icon icon-secondary\">\n                                            <use xlink:href=\"https:\/\/iicrabat.esteri.it\/wp-content\/themes\/sedi-tema\/assets\/svg\/sprites.svg#it-calendar\"><\/use>\n                                        <\/svg> lun F\u00e9v 02 2026<svg class=\"icon icon-xs icon-secondary me-1 ms-1\"><use href=\"https:\/\/iicrabat.esteri.it\/wp-content\/themes\/sedi-tema\/assets\/svg\/sprites.svg#it-arrow-right\"><\/use><\/svg>lun F\u00e9v 02 2026                                    <\/span>\n                                                                    <\/div>\n                            <h5 class=\"card-title big-heading text-uppercase\"><a class=\"text-body text-decoration-none\" href=\"https:\/\/iicrabat.esteri.it\/fr\/gli_eventi\/calendario\/jeunes-talents-musicaux-italiens-dans-le-monde-2026-duo-euridice-pezzotta-flute-matteo-chiodini-guitare\/\" title=\"\u00abJeunes Talents Musicaux Italiens dans le Monde 2026\u00bb \u2013 duo Euridice Pezzotta fl\u00fbte &#8211; Matteo Chiodini guitare\">\u00abJeunes Talents Musicaux Italiens dans le Monde 2026\u00bb \u2013 duo Euridice Pezzotta fl\u00fbte &#8211; Matteo Chiodini guitare<\/a><\/h5>\n                            <p class=\"card-text\">Lundi 2 f\u00e9vrier 2026, 19h00, Universit\u00e9 Al Akhawayn d\u2019Ifrane Duo: Euridice Pezzotta,fl\u00fbte \u2013 Matteo Chiodini, guitare &nbsp; L\u2019Ambassade d\u2019Italie dans le Royaume du Maroc, l\u2019Institut Culturel Italien de Rabat et le CIDIM (Comit\u00e9 National Italien de la Musique) en collaboration avec la Fondation Esprit de F\u00e8s, l\u2019Universit\u00e9 Al Akhawayn d\u2019Ifrane et le Conservatoire R\u00e9gionale de [&hellip;]<\/p>\n                                <a title=\"\u00abJeunes Talents Musicaux Italiens dans le Monde 2026\u00bb \u2013 duo Euridice Pezzotta fl\u00fbte &#8211; Matteo Chiodini guitare\" class=\"read-more\" href=\"https:\/\/iicrabat.esteri.it\/fr\/gli_eventi\/calendario\/jeunes-talents-musicaux-italiens-dans-le-monde-2026-duo-euridice-pezzotta-flute-matteo-chiodini-guitare\/\">\n                                    <span class=\"text\">Lire la suite<\/span>\n                                    <svg class=\"icon\">\n                                    <use xlink:href=\"https:\/\/iicrabat.esteri.it\/wp-content\/themes\/sedi-tema\/assets\/svg\/sprites.svg#it-arrow-right\"><\/use>\n                                    <\/svg>\n                                <\/a>\n                                                        <\/div>\n                                                    <\/div>\n                    <\/div>\n                <\/div>\n                <!--end card-->\n                <\/div><!-- col-12 .mt-3-->\n                            <div class=\"col-12 mt-3\">\n                <!--start card-->\n                <div class=\"card-wrapper card-space\">\n                    <div class=\"card card-bg card-big border-bottom-card\">\n                        <div class=\"card-body row\">\n                                                    <div class=\"col-sm-3\">\n                                <div class=\"img-responsive\">\n                                    <figure class=\"img-wrapper\">\n                                        <a href=\"https:\/\/iicrabat.esteri.it\/fr\/gli_eventi\/calendario\/jeunes-talents-musicaux-italiens-dans-le-monde-2026-duo-eleonora-testa-violoncelle-et-maria-semeraro-piano-2\/\" title=\"Lire l'article: \u00abJeunes Talents Musicaux Italiens dans le Monde 2026\u00bb \u2013 duo Eleonora Testa violoncelle et Maria Semeraro piano\">\n                                                                                            <img loading=\"lazy\" decoding=\"async\" width=\"300\" height=\"200\" src=\"https:\/\/iicrabat.esteri.it\/wp-content\/uploads\/2026\/01\/duo-testa-semeraro-4-300x200.jpg\" srcset=\"https:\/\/iicrabat.esteri.it\/wp-content\/uploads\/2026\/01\/duo-testa-semeraro-4.jpg 1280w, https:\/\/iicrabat.esteri.it\/wp-content\/uploads\/2026\/01\/duo-testa-semeraro-4-300x200.jpg 300w, https:\/\/iicrabat.esteri.it\/wp-content\/uploads\/2026\/01\/duo-testa-semeraro-4-1024x682.jpg 1024w, https:\/\/iicrabat.esteri.it\/wp-content\/uploads\/2026\/01\/duo-testa-semeraro-4-768x512.jpg 768w\" sizes=\"auto, (max-width: 1280px) 100vw, 1280px\"  title=\"duo testa &#8211; semeraro\" alt=\"\" class=\"img-fluid\">\n                                                                                    <\/a>\n                                    <\/figure>\n                                <\/div>\n                            <\/div>\n                            <div class=\"col-sm-9\">\n                                                            <div class=\"category-top\">\n                                    <span class=\"fw-bold text-danger\">Ev\u00e9nement termin\u00e9<\/span>                                                                        <span class=\"data\">\n                                        <svg class=\"icon icon-secondary\">\n                                            <use xlink:href=\"https:\/\/iicrabat.esteri.it\/wp-content\/themes\/sedi-tema\/assets\/svg\/sprites.svg#it-calendar\"><\/use>\n                                        <\/svg> sam Jan 31 2026<svg class=\"icon icon-xs icon-secondary me-1 ms-1\"><use href=\"https:\/\/iicrabat.esteri.it\/wp-content\/themes\/sedi-tema\/assets\/svg\/sprites.svg#it-arrow-right\"><\/use><\/svg>sam Jan 31 2026                                    <\/span>\n                                                                    <\/div>\n                            <h5 class=\"card-title big-heading text-uppercase\"><a class=\"text-body text-decoration-none\" href=\"https:\/\/iicrabat.esteri.it\/fr\/gli_eventi\/calendario\/jeunes-talents-musicaux-italiens-dans-le-monde-2026-duo-eleonora-testa-violoncelle-et-maria-semeraro-piano-2\/\" title=\"\u00abJeunes Talents Musicaux Italiens dans le Monde 2026\u00bb \u2013 duo Eleonora Testa violoncelle et Maria Semeraro piano\">\u00abJeunes Talents Musicaux Italiens dans le Monde 2026\u00bb \u2013 duo Eleonora Testa violoncelle et Maria Semeraro piano<\/a><\/h5>\n                            <p class=\"card-text\">Samedi 31 janvier 2026, 18h00, Institut Jamai de la Musique et d\u2019Art Chor\u00e9graphique de F\u00e8s Duo : Eleonora Testa, violoncelle et Maria Semeraro, piano L\u2019Ambassade d\u2019Italie dans le Royaume du Maroc, l\u2019Institut Culturel Italien de Rabat et le CIDIM (Comit\u00e9 National Italien de la Musique) en collaboration avec la Fondation Esprit de F\u00e8s, l\u2019Universit\u00e9 Al [&hellip;]<\/p>\n                                <a title=\"\u00abJeunes Talents Musicaux Italiens dans le Monde 2026\u00bb \u2013 duo Eleonora Testa violoncelle et Maria Semeraro piano\" class=\"read-more\" href=\"https:\/\/iicrabat.esteri.it\/fr\/gli_eventi\/calendario\/jeunes-talents-musicaux-italiens-dans-le-monde-2026-duo-eleonora-testa-violoncelle-et-maria-semeraro-piano-2\/\">\n                                    <span class=\"text\">Lire la suite<\/span>\n                                    <svg class=\"icon\">\n                                    <use xlink:href=\"https:\/\/iicrabat.esteri.it\/wp-content\/themes\/sedi-tema\/assets\/svg\/sprites.svg#it-arrow-right\"><\/use>\n                                    <\/svg>\n                                <\/a>\n                                                        <\/div>\n                                                    <\/div>\n                    <\/div>\n                <\/div>\n                <!--end card-->\n                <\/div><!-- col-12 .mt-3-->\n                            <div class=\"col-12 mt-3\">\n                <!--start card-->\n                <div class=\"card-wrapper card-space\">\n                    <div class=\"card card-bg card-big border-bottom-card\">\n                        <div class=\"card-body row\">\n                                                    <div class=\"col-sm-3\">\n                                <div class=\"img-responsive\">\n                                    <figure class=\"img-wrapper\">\n                                        <a href=\"https:\/\/iicrabat.esteri.it\/fr\/gli_eventi\/calendario\/jeunes-talents-musicaux-italiens-dans-le-monde-2026-duo-eleonora-testa-violoncelle-et-maria-semeraro-piano\/\" title=\"Lire l'article: \u00abJeunes Talents Musicaux Italiens dans le Monde 2026\u00bb \u2013 duo Eleonora Testa violoncelle et Maria Semeraro piano\u00a0\">\n                                                                                            <img loading=\"lazy\" decoding=\"async\" width=\"300\" height=\"200\" src=\"https:\/\/iicrabat.esteri.it\/wp-content\/uploads\/2026\/01\/duo-testa-semeraro-2-300x200.jpg\" srcset=\"https:\/\/iicrabat.esteri.it\/wp-content\/uploads\/2026\/01\/duo-testa-semeraro-2.jpg 1280w, https:\/\/iicrabat.esteri.it\/wp-content\/uploads\/2026\/01\/duo-testa-semeraro-2-300x200.jpg 300w, https:\/\/iicrabat.esteri.it\/wp-content\/uploads\/2026\/01\/duo-testa-semeraro-2-1024x682.jpg 1024w, https:\/\/iicrabat.esteri.it\/wp-content\/uploads\/2026\/01\/duo-testa-semeraro-2-768x512.jpg 768w\" sizes=\"auto, (max-width: 1280px) 100vw, 1280px\"  title=\"duo testa &#8211; semeraro\" alt=\"\" class=\"img-fluid\">\n                                                                                    <\/a>\n                                    <\/figure>\n                                <\/div>\n                            <\/div>\n                            <div class=\"col-sm-9\">\n                                                            <div class=\"category-top\">\n                                    <span class=\"fw-bold text-danger\">Ev\u00e9nement termin\u00e9<\/span>                                                                        <span class=\"data\">\n                                        <svg class=\"icon icon-secondary\">\n                                            <use xlink:href=\"https:\/\/iicrabat.esteri.it\/wp-content\/themes\/sedi-tema\/assets\/svg\/sprites.svg#it-calendar\"><\/use>\n                                        <\/svg> ven Jan 30 2026<svg class=\"icon icon-xs icon-secondary me-1 ms-1\"><use href=\"https:\/\/iicrabat.esteri.it\/wp-content\/themes\/sedi-tema\/assets\/svg\/sprites.svg#it-arrow-right\"><\/use><\/svg>ven Jan 30 2026                                    <\/span>\n                                                                    <\/div>\n                            <h5 class=\"card-title big-heading text-uppercase\"><a class=\"text-body text-decoration-none\" href=\"https:\/\/iicrabat.esteri.it\/fr\/gli_eventi\/calendario\/jeunes-talents-musicaux-italiens-dans-le-monde-2026-duo-eleonora-testa-violoncelle-et-maria-semeraro-piano\/\" title=\"\u00abJeunes Talents Musicaux Italiens dans le Monde 2026\u00bb \u2013 duo Eleonora Testa violoncelle et Maria Semeraro piano\u00a0\">\u00abJeunes Talents Musicaux Italiens dans le Monde 2026\u00bb \u2013 duo Eleonora Testa violoncelle et Maria Semeraro piano\u00a0<\/a><\/h5>\n                            <p class=\"card-text\">Vendredi 30 janvier 2026, 19h00, Universit\u00e9 Al Akhawayn d\u2019Ifrane Duo : Eleonora Testa, violoncelle et Maria Semeraro, piano &nbsp; L\u2019Ambassade d\u2019Italie dans le Royaume du Maroc, l\u2019Institut Culturel Italien de Rabat et le CIDIM (Comit\u00e9 National Italien de la Musique) en collaboration avec la Fondation Esprit de F\u00e8s, l\u2019Universit\u00e9 Al Akhawayn d\u2019Ifrane et le Conservatoire [&hellip;]<\/p>\n                                <a title=\"\u00abJeunes Talents Musicaux Italiens dans le Monde 2026\u00bb \u2013 duo Eleonora Testa violoncelle et Maria Semeraro piano\u00a0\" class=\"read-more\" href=\"https:\/\/iicrabat.esteri.it\/fr\/gli_eventi\/calendario\/jeunes-talents-musicaux-italiens-dans-le-monde-2026-duo-eleonora-testa-violoncelle-et-maria-semeraro-piano\/\">\n                                    <span class=\"text\">Lire la suite<\/span>\n                                    <svg class=\"icon\">\n                                    <use xlink:href=\"https:\/\/iicrabat.esteri.it\/wp-content\/themes\/sedi-tema\/assets\/svg\/sprites.svg#it-arrow-right\"><\/use>\n                                    <\/svg>\n                                <\/a>\n                                                        <\/div>\n                                                    <\/div>\n                    <\/div>\n                <\/div>\n                <!--end card-->\n                <\/div><!-- col-12 .mt-3-->\n            \n            <div class=\"col-md-12 mt-4 pb-4\">\n                <nav class=\"navigation col-md-12\" aria-label=\"Navigation\">\n                    <h2 class=\"screen-reader-text visually-hidden\">Pagination<\/h2>\n                    <div class=\"nav-links\">\n                    <span aria-current=\"page\" class=\"page-numbers current\">1<\/span>\n<a class=\"page-numbers\" href=\"https:\/\/iicrabat.esteri.it\/fr\/wp-json\/wp\/v2\/pages\/3140\/?pag=2\">2<\/a>\n<a class=\"page-numbers\" href=\"https:\/\/iicrabat.esteri.it\/fr\/wp-json\/wp\/v2\/pages\/3140\/?pag=3\">3<\/a>\n<span class=\"page-numbers dots\">\u2026<\/span>\n<a class=\"page-numbers\" href=\"https:\/\/iicrabat.esteri.it\/fr\/wp-json\/wp\/v2\/pages\/3140\/?pag=71\">71<\/a>\n<a class=\"next page-numbers\" href=\"https:\/\/iicrabat.esteri.it\/fr\/wp-json\/wp\/v2\/pages\/3140\/?pag=2\"><svg class=\"icon icon-primary\"><use xlink:href=\"https:\/\/iicrabat.esteri.it\/wp-content\/themes\/sedi-tema\/assets\/svg\/sprites.svg#it-chevron-right\"><\/use><\/svg>\n                                    <span class=\"visually-hidden\">Page suivante<\/span><\/a>                    <\/div>\n                <\/nav>\n            <\/div>   <!--.col-md-12 -->\n              <\/div><!--.row -->\n              \n<p>&nbsp;<\/p>\n","protected":false},"excerpt":{"rendered":"&nbsp;","protected":false},"author":1,"featured_media":0,"parent":111,"menu_order":0,"comment_status":"closed","ping_status":"closed","template":"","meta":{"footnotes":""},"class_list":["post-3140","page","type-page","status-publish","hentry"],"_links":{"self":[{"href":"https:\/\/iicrabat.esteri.it\/fr\/wp-json\/wp\/v2\/pages\/3140","targetHints":{"allow":["GET"]}}],"collection":[{"href":"https:\/\/iicrabat.esteri.it\/fr\/wp-json\/wp\/v2\/pages"}],"about":[{"href":"https:\/\/iicrabat.esteri.it\/fr\/wp-json\/wp\/v2\/types\/page"}],"author":[{"embeddable":true,"href":"https:\/\/iicrabat.esteri.it\/fr\/wp-json\/wp\/v2\/users\/1"}],"replies":[{"embeddable":true,"href":"https:\/\/iicrabat.esteri.it\/fr\/wp-json\/wp\/v2\/comments?post=3140"}],"version-history":[{"count":1,"href":"https:\/\/iicrabat.esteri.it\/fr\/wp-json\/wp\/v2\/pages\/3140\/revisions"}],"predecessor-version":[{"id":4061,"href":"https:\/\/iicrabat.esteri.it\/fr\/wp-json\/wp\/v2\/pages\/3140\/revisions\/4061"}],"up":[{"embeddable":true,"href":"https:\/\/iicrabat.esteri.it\/fr\/wp-json\/wp\/v2\/pages\/111"}],"wp:attachment":[{"href":"https:\/\/iicrabat.esteri.it\/fr\/wp-json\/wp\/v2\/media?parent=3140"}],"curies":[{"name":"wp","href":"https:\/\/api.w.org\/{rel}","templated":true}]}}