{"id":102,"date":"2023-04-03T20:55:02","date_gmt":"2023-04-03T19:55:02","guid":{"rendered":"https:\/\/iicrabat.esteri.it\/chi-siamo\/la-sede\/"},"modified":"2023-09-14T10:37:38","modified_gmt":"2023-09-14T09:37:38","slug":"la-sede","status":"publish","type":"page","link":"https:\/\/iicrabat.esteri.it\/fr\/chi-siamo\/la-sede\/","title":{"rendered":"Le si\u00e8ge social"},"content":{"rendered":"<p>L\u2019IIC qui a \u00e9t\u00e9, para\u00eet-il, cr\u00e9\u00e9 en 1971, a depuis chang\u00e9 trois si\u00e8ges. Il se trouve dans le si\u00e8ge actuel depuis le 1er avril 2002.<\/p>\n<p>C\u2019est une villa en style rationaliste \u00e0 deux \u00e9tages entour\u00e9e d\u2019un jardin assez spacieux et situ\u00e9e dans une avenue \u00e9l\u00e9gante du quartier Hassan, de facile acc\u00e8s, pr\u00e9s de l\u2019Ex-Ambassade des Etats Unis d\u2019Am\u00e9rique, de l&rsquo;Ambassade de Bulgarie et du Minist\u00e8re des Affaires Etrang\u00e8res marocain.<\/p>\n<p>Il y a, au rez-de-chauss\u00e9e, 4 salles de cours \u00e9quip\u00e9es de t\u00e9l\u00e9vision, lecteur vid\u00e9o, magn\u00e9tophone et la salle des enseignants, au sous-sol, la biblioth\u00e8que, au premi\u00e8re \u00e9tage, six bureaux pour les employ\u00e9s avec une salle polyvalente de 56 places.<\/p>\n","protected":false},"excerpt":{"rendered":"L\u2019IIC qui a \u00e9t\u00e9, para\u00eet-il, cr\u00e9\u00e9 en 1971, a depuis chang\u00e9 trois si\u00e8ges. Il se trouve dans le si\u00e8ge actuel depuis le 1er avril 2002. C\u2019est une villa en style rationaliste \u00e0 deux \u00e9tages entour\u00e9e d\u2019un jardin assez spacieux et situ\u00e9e dans une avenue \u00e9l\u00e9gante du quartier Hassan, de facile acc\u00e8s, pr\u00e9s de l\u2019Ex-Ambassade des [&hellip;]","protected":false},"author":1,"featured_media":0,"parent":100,"menu_order":2,"comment_status":"closed","ping_status":"closed","template":"","meta":{"footnotes":""},"class_list":["post-102","page","type-page","status-publish","hentry"],"_links":{"self":[{"href":"https:\/\/iicrabat.esteri.it\/fr\/wp-json\/wp\/v2\/pages\/102","targetHints":{"allow":["GET"]}}],"collection":[{"href":"https:\/\/iicrabat.esteri.it\/fr\/wp-json\/wp\/v2\/pages"}],"about":[{"href":"https:\/\/iicrabat.esteri.it\/fr\/wp-json\/wp\/v2\/types\/page"}],"author":[{"embeddable":true,"href":"https:\/\/iicrabat.esteri.it\/fr\/wp-json\/wp\/v2\/users\/1"}],"replies":[{"embeddable":true,"href":"https:\/\/iicrabat.esteri.it\/fr\/wp-json\/wp\/v2\/comments?post=102"}],"version-history":[{"count":4,"href":"https:\/\/iicrabat.esteri.it\/fr\/wp-json\/wp\/v2\/pages\/102\/revisions"}],"predecessor-version":[{"id":335,"href":"https:\/\/iicrabat.esteri.it\/fr\/wp-json\/wp\/v2\/pages\/102\/revisions\/335"}],"up":[{"embeddable":true,"href":"https:\/\/iicrabat.esteri.it\/fr\/wp-json\/wp\/v2\/pages\/100"}],"wp:attachment":[{"href":"https:\/\/iicrabat.esteri.it\/fr\/wp-json\/wp\/v2\/media?parent=102"}],"curies":[{"name":"wp","href":"https:\/\/api.w.org\/{rel}","templated":true}]}}